{"id":3729,"date":"2021-07-12T20:01:01","date_gmt":"2021-07-12T20:01:01","guid":{"rendered":"http:\/\/coloniaavellaneda.gob.ar\/wordpress\/?page_id=3729"},"modified":"2025-11-19T22:21:39","modified_gmt":"2025-11-19T22:21:39","slug":"ninez-adolecencia-y-familia","status":"publish","type":"page","link":"https:\/\/coloniaavellaneda.gob.ar\/web\/ninez-adolecencia-y-familia\/","title":{"rendered":"NI\u00d1EZ, ADOLECENCIA Y FAMILIA"},"content":{"rendered":"<p>[et_pb_section fb_built=\u00bb1&#8243; admin_label=\u00bbsection\u00bb _builder_version=\u00bb4.16&#8243; global_colors_info=\u00bb{}\u00bb][et_pb_row admin_label=\u00bbrow\u00bb _builder_version=\u00bb4.16&#8243; background_size=\u00bbinitial\u00bb background_position=\u00bbtop_left\u00bb background_repeat=\u00bbrepeat\u00bb global_colors_info=\u00bb{}\u00bb][et_pb_column type=\u00bb4_4&#8243; _builder_version=\u00bb4.16&#8243; custom_padding=\u00bb|||\u00bb global_colors_info=\u00bb{}\u00bb custom_padding__hover=\u00bb|||\u00bb][et_pb_text admin_label=\u00bbText\u00bb _builder_version=\u00bb4.16&#8243; background_size=\u00bbinitial\u00bb background_position=\u00bbtop_left\u00bb background_repeat=\u00bbrepeat\u00bb global_colors_info=\u00bb{}\u00bb]<\/p>\n<h2>NI\u00d1EZ, ADOLESCENCIA Y FAMILIA<\/h2>\n<blockquote cite=\"https:\/\/www.facebook.com\/MunicipalidadColoniaAvellaneda\/posts\/4350768998315239\"><\/blockquote>\n<p>&nbsp;<\/p>\n<p>Ubicada en: Mont\u00f3rfano y Patat (Centro Cultural Jos\u00e9 Hern\u00e1ndez).<\/p>\n<p>Tel\u00e9fono: 4077655<\/p>\n<p>&nbsp;<\/p>\n<p>El \u00c1rea de Ni\u00f1ez, Adolescencia y Familia trabaja en relaci\u00f3n a la prevenci\u00f3n y promoci\u00f3n de los derechos de los ni\u00f1os. Creada mediante el Convenio firmado entre COPNAF y el Municipio de Colonia Avellaneda.<\/p>\n<p>El \u00e1rea cuenta con un equipo interdisciplinario que abordan las diferentes situaciones, adem\u00e1s se cuenta con un personal administrativo que complementa el trabajo del equipo. Se trabaja constantemente con una Jefatura T\u00e9cnica de la Coordinaci\u00f3n de Paran\u00e1 Campa\u00f1a- COPNAF.<\/p>\n<p>Las problem\u00e1ticas que aborda el\u00a0 \u00c1rea de Ni\u00f1ez Adolescencia y Familia son violencia familiar, deserci\u00f3n escolar, maltrato infantil, abuso sexual infantil, entre otras, que tienen que ver con la vulneraci\u00f3n de los derechos de los ni\u00f1os, ni\u00f1as y adolescentes de nuestra comunidad.<\/p>\n<p>El objetivo principal del\u00a0 \u00c1rea de Ni\u00f1ez Adolescencia y Familia es la restituci\u00f3n de ese derecho vulnerado que atraviesa la vida cotidiana del Ni\u00f1o, Ni\u00f1a y Adolescente, que involucra el derecho a la educaci\u00f3n, el derecho a la salud, el derecho a la libre expresi\u00f3n, el derecho a ser escuchado y tenido en cuenta su opini\u00f3n, derecho a la recreaci\u00f3n, derecho a la identidad, el derecho a jugar, entre otros que se detallan en la Ley de Protecci\u00f3n Integral de los Derechos de los Ni\u00f1os, Ni\u00f1as y Adolescentes.<\/p>\n<p>El\u00a0 \u00c1rea de Ni\u00f1ez Adolescencia y Familia tiene dos grandes l\u00edneas de trabajo que son la restituci\u00f3n de los derechos y la promoci\u00f3n de \u00e9stos.<\/p>\n<p>En cuanto a la restituci\u00f3n de derechos primero se identifica la problem\u00e1tica la cual ingresa por parte de una demanda de intervenci\u00f3n la cual puede proceder de los Juzgados de Familia, Juzgados de Instrucci\u00f3n, Defensor\u00edas de Pobres y Menores, de la Fiscal\u00eda, de CoPNAF central (l\u00ednea 102), de las Instituciones de la localidad, tanto educativas, de salud, etc. as\u00ed como tambi\u00e9n de cualquier persona\u00a0 que detecte la vulneraci\u00f3n de un derecho, ya sea que est\u00e9 inmersa en las situaci\u00f3n problem\u00e1tica o no. Un punto importante a tener presente es que el\u00a0 \u00c1rea de Ni\u00f1ez Adolescencia y Familia trabaja con los ni\u00f1os, ni\u00f1as y adolescentes desde que nacen hasta los 18 a\u00f1os de edad seg\u00fan lo establece la Ley.<\/p>\n<p>Por otro lado, la otra l\u00ednea de acci\u00f3n tiene que ver con la promoci\u00f3n de los derechos de los Ni\u00f1os, Ni\u00f1as y Adolescentes, teniendo en cuenta la necesidad de darle visibilidad y voz a sus derechos.<\/p>\n<p>Es por esto que para lograr \u00e9ste objetivo el \u00e1rea desde su creaci\u00f3n ha presentado diversos proyectos a organismos con la finalidad de obtener recursos materiales y fondos (Programa J\u00f3venes Protagonistas) que permiti\u00f3 crear espacios de participaci\u00f3n para ni\u00f1os y adolescentes.<\/p>\n<p>&nbsp;<\/p>\n<p>Fundamentan nuestras intervenciones:<\/p>\n<p>\u00d8\u00a0 Normativas provinciales, nacionales e internacionales relacionadas con los derechos de ni\u00f1as, ni\u00f1os y adolescentes.<\/p>\n<p>\u00d8\u00a0 Convenci\u00f3n sobre los Derechos del Ni\u00f1o.<\/p>\n<p>\u00d8\u00a0 Ley de Protecci\u00f3n Integral de los Derechos de las Ni\u00f1as, Ni\u00f1os y Adolescentes (Ley Nacional 26.061).<\/p>\n<p>\u00d8\u00a0 Ley de Protecci\u00f3n Integral de los Derechos del Ni\u00f1o, el Adolescente y la Familia (Ley Provincial 9.861).<\/p>\n<p>\u00d8\u00a0 Ley Procesal de Familia (Ley Provincial 10.668).<\/p>\n<p>&nbsp;<\/p>\n<p>&nbsp;<\/p>\n<p>\u00d8\u00a0 C\u00f3digo Civil y Comercial de la Naci\u00f3n.<\/p>\n<p>\u00d8\u00a0 Ley Procesal Penal de Ni\u00f1os y Adolescentes (Ley Provincial 10.450).<\/p>\n<p>\u00d8\u00a0 Procedimiento de Intervenci\u00f3n del Organismo de Protecci\u00f3n de Derechos de la Provincia de Entre R\u00edos (Resoluci\u00f3n 170\/19).<\/p>\n<p>[\/et_pb_text][\/et_pb_column][\/et_pb_row][\/et_pb_section]<\/p>\n","protected":false},"excerpt":{"rendered":"<p>NI\u00d1EZ, ADOLESCENCIA Y FAMILIA &nbsp; Ubicada en: Mont\u00f3rfano y Patat (Centro Cultural Jos\u00e9 Hern\u00e1ndez). Tel\u00e9fono: 4077655 &nbsp; El \u00c1rea de Ni\u00f1ez, Adolescencia y Familia trabaja en relaci\u00f3n a la prevenci\u00f3n y promoci\u00f3n de los derechos de los ni\u00f1os. Creada mediante el Convenio firmado entre COPNAF y el Municipio de Colonia Avellaneda. El \u00e1rea cuenta con [&hellip;]<\/p>\n","protected":false},"author":1,"featured_media":0,"parent":0,"menu_order":0,"comment_status":"closed","ping_status":"closed","template":"","meta":{"_et_pb_use_builder":"on","_et_pb_old_content":"<h2>NI\u00d1EZ, ADOLESCENCIA Y FAMILIA<\/h2>\t\t\n<blockquote cite=\"https:\/\/www.facebook.com\/MunicipalidadColoniaAvellaneda\/posts\/4350768998315239\"><p>Pol\u00edtica de protecci\u00f3n de derechos para la ni\u00f1ez y la adolescencia en la provincia de Entre R\u00edos.\nEl d\u00eda de hoy, el...<\/p>Publicada por <a href=\"https:\/\/facebook.com\/MunicipalidadColoniaAvellaneda\">Municipalidad de Colonia Avellaneda<\/a> en&nbsp;<a href=\"https:\/\/www.facebook.com\/MunicipalidadColoniaAvellaneda\/posts\/4350768998315239\">Viernes, 3 de septiembre de 2021<\/a><\/blockquote>\t\t\n\t\t<h6><strong>\u00c1rea de Ni\u00f1ez Adolescencia y Familia.<\/strong><br \/>Martes y Viernes de 8 a 12 hs.<br \/>Montorfano y Patat (en el Centro Cultural Jos\u00e9 Hern\u00e1ndez).<br \/>Tel: 4077655<\/h6><h6>Equipo:<br \/>Coordinadora: Lic en TS Taborda Nadia<br \/>Lic en TS Lopez Van Oosterom Celeste<br \/>Lic Psic. Salomon Victoria.<br \/>Adm. Lopez Claudia.<\/h6><p><strong>\u00bfQu\u00e9 tipo de problem\u00e1ticas abordan?<\/strong><br \/>Las problem\u00e1ticas que aborda el ANAF son violencia familiar, deserci\u00f3n escolar,<br \/>maltrato infantil, abuso sexual infantil, entre otras, que tienen que ver con la<br \/>vulneraci\u00f3n de los derechos de los ni\u00f1os, ni\u00f1as y adolescentes de nuestra comunidad.<br \/>El objetivo principal del ANAF es la restituci\u00f3n de ese derecho vulnerado que atraviesa<br \/>la vida cotidiana del NNA, que involucra el derecho a la educaci\u00f3n, el derecho a la<br \/>salud, el derecho a la libre expresi\u00f3n, el derecho a ser escuchado y tenido en cuenta su<br \/>opini\u00f3n, derecho a la recreaci\u00f3n, derecho a la identidad, el derecho a jugar, entre<br \/>otros que se detallan en la Ley de Protecci\u00f3n Integral de los Derechos de los Ni\u00f1os,<br \/>Ni\u00f1as y Adolescentes.<\/p><p><br \/><strong>\u00bfQu\u00e9 tipo de actividades se llevan a cabo por parte del equipo de trabajo?<\/strong><br \/>El ANAF tiene dos grandes l\u00edneas de trabajo que son la restituci\u00f3n de los derechos y la<br \/>promoci\u00f3n de \u00e9stos. En cuanto a la restituci\u00f3n de derechos primero se identifica la<br \/>problem\u00e1tica la cual ingresa por parte de una demanda de intervenci\u00f3n la cual puede<br \/>proceder de los Juzgados de Familia, Juzgados de Instrucci\u00f3n, Defensor\u00edas de Pobres y<br \/>Menores, de la Fiscal\u00eda, de CoPNAF central (l\u00ednea 102), de las Instituciones de la<br \/>localidad, tanto educativas, de salud, etc. as\u00ed como tambi\u00e9n de cualquier persona que<br \/>forme que detecte la vulneraci\u00f3n de un derecho, ya sea que est\u00e9 inmersa en la<br \/>situaci\u00f3n problem\u00e1tica o no. Un punto importante a tener presente es que el ANAF<br \/>trabaja con los NNA desde que nacen hasta los 18 a\u00f1os de edad seg\u00fan lo establece la<br \/>Ley.<br \/>Por otro lado, la otra l\u00ednea de acci\u00f3n tiene que ver con la promoci\u00f3n de los derechos<br \/>de los NNA, teniendo en cuenta la necesidad de darle visibilidad y voz a sus derechos.<br \/>Es por esto que para lograr \u00e9ste objetivo el \u00e1rea desde su creaci\u00f3n ha presentado<br \/>diversos proyectos a organismos con la finalidad de obtener recursos materiales y<br \/>fondos que permitan crear espacios de participaci\u00f3n para ni\u00f1os y adolescentes.<\/p><p><strong>Normativas provinciales, nacionales e internacionales relacionadas con los derechos<\/strong><br \/><strong>de ni\u00f1as, ni\u00f1os y adolescentes Derechos de ni\u00f1os, ni\u00f1as y adolescentes<\/strong><br \/>Convenci\u00f3n sobre los derechos del ni\u00f1o<br \/>Ley de Protecci\u00f3n Integral de los Derechos de las Ni\u00f1as, Ni\u00f1os y Adolescentes (Ley Nacional 26.061)<br \/>Ley de Protecci\u00f3n Integral de los Derechos del Ni\u00f1o, el Adolescente y la Familia (Ley Provincial<br \/>9.861)<br \/>Ley Procesal de Familia (Ley Provincial 10.668)<br \/>C\u00f3digo Civil y Comercial de la Naci\u00f3n<br \/>Ley Procesal Penal de Ni\u00f1os y Adolescentes (Ley Provincial 10.450)<br \/>Procedimiento de Intervenci\u00f3n del Organismo de Protecci\u00f3n de Derechos de la Provincia de Entre<br \/>R\u00edos (Resoluci\u00f3n 170\/19)<\/p>","_et_gb_content_width":"","footnotes":""},"class_list":["post-3729","page","type-page","status-publish","hentry"],"_links":{"self":[{"href":"https:\/\/coloniaavellaneda.gob.ar\/web\/wp-json\/wp\/v2\/pages\/3729","targetHints":{"allow":["GET"]}}],"collection":[{"href":"https:\/\/coloniaavellaneda.gob.ar\/web\/wp-json\/wp\/v2\/pages"}],"about":[{"href":"https:\/\/coloniaavellaneda.gob.ar\/web\/wp-json\/wp\/v2\/types\/page"}],"author":[{"embeddable":true,"href":"https:\/\/coloniaavellaneda.gob.ar\/web\/wp-json\/wp\/v2\/users\/1"}],"replies":[{"embeddable":true,"href":"https:\/\/coloniaavellaneda.gob.ar\/web\/wp-json\/wp\/v2\/comments?post=3729"}],"version-history":[{"count":2,"href":"https:\/\/coloniaavellaneda.gob.ar\/web\/wp-json\/wp\/v2\/pages\/3729\/revisions"}],"predecessor-version":[{"id":6585,"href":"https:\/\/coloniaavellaneda.gob.ar\/web\/wp-json\/wp\/v2\/pages\/3729\/revisions\/6585"}],"wp:attachment":[{"href":"https:\/\/coloniaavellaneda.gob.ar\/web\/wp-json\/wp\/v2\/media?parent=3729"}],"curies":[{"name":"wp","href":"https:\/\/api.w.org\/{rel}","templated":true}]}}