{"id":3985,"date":"2021-07-27T10:37:18","date_gmt":"2021-07-27T10:37:18","guid":{"rendered":"http:\/\/localhost\/wordpress\/?page_id=1529"},"modified":"2026-04-24T15:57:05","modified_gmt":"2026-04-24T15:57:05","slug":"informacion-publica","status":"publish","type":"page","link":"https:\/\/coloniaavellaneda.gob.ar\/web\/informacion-publica\/","title":{"rendered":"Informaci\u00f3n P\u00fablica"},"content":{"rendered":"<p>[et_pb_section fb_built=\u00bb1&#8243; admin_label=\u00bbsection\u00bb _builder_version=\u00bb4.16&#8243; global_colors_info=\u00bb{}\u00bb][et_pb_row _builder_version=\u00bb4.19.0&#8243; _module_preset=\u00bbdefault\u00bb global_colors_info=\u00bb{}\u00bb][et_pb_column type=\u00bb4_4&#8243; _builder_version=\u00bb4.19.0&#8243; _module_preset=\u00bbdefault\u00bb global_colors_info=\u00bb{}\u00bb][et_pb_blurb title=\u00bbTransparencia\u00bb use_icon=\u00bbon\u00bb image_icon_width=\u00bb1%\u00bb _builder_version=\u00bb4.19.0&#8243; _module_preset=\u00bbdefault\u00bb header_level=\u00bbh1&#8243; header_font=\u00bb|700|on|on|on|||#0DA0C5|\u00bb header_text_align=\u00bbcenter\u00bb header_text_color=\u00bb#0DA0C5&#8243; header_font_size=\u00bb35px\u00bb header_line_height=\u00bb1.4em\u00bb text_orientation=\u00bbcenter\u00bb min_height=\u00bb56px\u00bb custom_margin=\u00bb||||false|false\u00bb global_colors_info=\u00bb{}\u00bb][\/et_pb_blurb][et_pb_accordion open_toggle_text_color=\u00bb#0DA0C5&#8243; _builder_version=\u00bb4.27.4&#8243; _module_preset=\u00bbdefault\u00bb toggle_text_color=\u00bb#0DA0C5&#8243; background_color=\u00bb#FFFFFF\u00bb hover_enabled=\u00bb0&#8243; global_colors_info=\u00bb{}\u00bb sticky_enabled=\u00bb0&#8243;][et_pb_accordion_item title=\u00bb- Ejercicio 2019: Ejecuci\u00f3n Presupuestaria Clasificada por Objeto del Gasto\u00bb open=\u00bbon\u00bb _builder_version=\u00bb4.19.0&#8243; _module_preset=\u00bbdefault\u00bb background_color=\u00bbRGBA(255,255,255,0)\u00bb background_enable_color=\u00bbon\u00bb link_option_url=\u00bbhttps:\/\/coloniaavellaneda.gob.ar\/web\/wp-content\/uploads\/2020\/09\/001.png\u00bb global_colors_info=\u00bb{}\u00bb][\/et_pb_accordion_item][et_pb_accordion_item title=\u00bb- Ejecuci\u00f3n Presupuestaria: Esquema Ahorro, Inversi\u00f3n, Financiamiento. Abril 2020 (pag.1)\u00bb _builder_version=\u00bb4.19.0&#8243; _module_preset=\u00bbdefault\u00bb link_option_url=\u00bbhttps:\/\/coloniaavellaneda.gob.ar\/web\/wp-content\/uploads\/2020\/09\/003-1.png\u00bb global_colors_info=\u00bb{}\u00bb open=\u00bboff\u00bb][\/et_pb_accordion_item][et_pb_accordion_item title=\u00bb- Esquema Ahorro, Inversi\u00f3n, Financiamiento. Abril 2020 (pag.2)\u00bb _builder_version=\u00bb4.19.0&#8243; _module_preset=\u00bbdefault\u00bb link_option_url=\u00bbhttps:\/\/coloniaavellaneda.gob.ar\/web\/wp-content\/uploads\/2023\/04\/004-2048&#215;1243-1.png\u00bb global_colors_info=\u00bb{}\u00bb open=\u00bboff\u00bb][\/et_pb_accordion_item][et_pb_accordion_item title=\u00bb- Ejecuci\u00f3n de Ingresos 2019 (pag.1)\u00bb _builder_version=\u00bb4.19.0&#8243; _module_preset=\u00bbdefault\u00bb link_option_url=\u00bbhttps:\/\/coloniaavellaneda.gob.ar\/web\/wp-content\/uploads\/2023\/04\/005-2048&#215;1243-1.png\u00bb global_colors_info=\u00bb{}\u00bb open=\u00bboff\u00bb][\/et_pb_accordion_item][et_pb_accordion_item title=\u00bb- Ejecuci\u00f3n de Ingresos 2019 (pag.2)\u00bb _builder_version=\u00bb4.19.0&#8243; _module_preset=\u00bbdefault\u00bb link_option_url=\u00bbhttps:\/\/coloniaavellaneda.gob.ar\/web\/wp-content\/uploads\/2023\/04\/006-2048&#215;1243-1.png\u00bb global_colors_info=\u00bb{}\u00bb open=\u00bboff\u00bb][\/et_pb_accordion_item][et_pb_accordion_item title=\u00bb- Ejecuci\u00f3n Presupuestaria de Calculo de Recursos y Gastos al 31-12-2020&#8243; _builder_version=\u00bb4.22.2&#8243; _module_preset=\u00bbdefault\u00bb link_option_url=\u00bbhttps:\/\/coloniaavellaneda.gob.ar\/web\/wp-content\/uploads\/2023\/11\/Ejecucion-Presupuestaria-de-Calculo-de-Recursos-y-Gastos-al-31-12-2020.pdf\u00bb global_colors_info=\u00bb{}\u00bb open=\u00bboff\u00bb][\/et_pb_accordion_item][et_pb_accordion_item title=\u00bb- Ejecuci\u00f3n Presupuestaria de Calculo de Recursos y Gastos al 05-03-2021&#8243; _builder_version=\u00bb4.22.2&#8243; _module_preset=\u00bbdefault\u00bb background_color=\u00bbRGBA(255,255,255,0)\u00bb background_enable_color=\u00bbon\u00bb link_option_url=\u00bbhttps:\/\/coloniaavellaneda.gob.ar\/web\/wp-content\/uploads\/2023\/11\/Ejecucion-Presupuestaria-de-Calculo-de-Recursos-y-Gastos-al-05-03-2021.pdf\u00bb global_colors_info=\u00bb{}\u00bb open=\u00bboff\u00bb][\/et_pb_accordion_item][et_pb_accordion_item title=\u00bb- Contribuci\u00f3n por mejoras &#8211; Ordenanza 019\/21&#8243; _builder_version=\u00bb4.22.2&#8243; _module_preset=\u00bbdefault\u00bb link_option_url=\u00bbhttps:\/\/coloniaavellaneda.gob.ar\/web\/wp-content\/uploads\/2023\/11\/ORDENANZA-N\u00b0-19.pdf\u00bb global_colors_info=\u00bb{}\u00bb open=\u00bboff\u00bb][\/et_pb_accordion_item][et_pb_accordion_item title=\u00bb- Contribuci\u00f3n por mejoras &#8211; Ordenanza 020\/21&#8243; _builder_version=\u00bb4.22.2&#8243; _module_preset=\u00bbdefault\u00bb link_option_url=\u00bbhttps:\/\/coloniaavellaneda.gob.ar\/web\/wp-content\/uploads\/2023\/11\/ORDENANZA-N\u00b0-20.pdf\u00bb global_colors_info=\u00bb{}\u00bb open=\u00bboff\u00bb][\/et_pb_accordion_item][et_pb_accordion_item title=\u00bb- Contribuci\u00f3n por mejoras &#8211; Ordenanza 001\/22&#8243; _builder_version=\u00bb4.22.2&#8243; _module_preset=\u00bbdefault\u00bb link_option_url=\u00bbhttps:\/\/coloniaavellaneda.gob.ar\/web\/wp-content\/uploads\/2023\/11\/ORDENANZA-No-001-2022.pdf\u00bb global_colors_info=\u00bb{}\u00bb open=\u00bboff\u00bb][\/et_pb_accordion_item][et_pb_accordion_item title=\u00bb- Contribuci\u00f3n por mejoras &#8211; Ordenanza 002\/22&#8243; _builder_version=\u00bb4.22.2&#8243; _module_preset=\u00bbdefault\u00bb link_option_url=\u00bbhttps:\/\/coloniaavellaneda.gob.ar\/web\/wp-content\/uploads\/2023\/11\/ORDENANZA-No-002-2022.pdf\u00bb global_colors_info=\u00bb{}\u00bb open=\u00bboff\u00bb][\/et_pb_accordion_item][et_pb_accordion_item title=\u00bb- Ordenanza Tarifaria Municipal &#8211; Ordenanza 007\/22&#8243; _builder_version=\u00bb4.22.2&#8243; _module_preset=\u00bbdefault\u00bb link_option_url=\u00bbhttps:\/\/coloniaavellaneda.gob.ar\/web\/wp-content\/uploads\/2023\/11\/ordenanza_007_2022.pdf\u00bb global_colors_info=\u00bb{}\u00bb open=\u00bboff\u00bb][\/et_pb_accordion_item][et_pb_accordion_item title=\u00bb- C\u00f3digo Tributario Municipal \u2013 Decreto 045-23&#8243; _builder_version=\u00bb4.22.2&#8243; _module_preset=\u00bbdefault\u00bb link_option_url=\u00bbhttps:\/\/coloniaavellaneda.gob.ar\/web\/wp-content\/uploads\/2023\/04\/Ordenanza-Tarifaria-Municipal-\u2013-Ordenanza-045-23.pdf\u00bb global_colors_info=\u00bb{}\u00bb open=\u00bboff\u00bb][\/et_pb_accordion_item][et_pb_accordion_item title=\u00bb- Ejecuci\u00f3n presupuestaria Diciembre 2022. Abril y Agosto de 2023.\u00bb _builder_version=\u00bb4.22.2&#8243; _module_preset=\u00bbdefault\u00bb link_option_url=\u00bbhttps:\/\/coloniaavellaneda.gob.ar\/web\/wp-content\/uploads\/2023\/11\/ejecucion_dic_abril_agosto.zip\u00bb link_option_url_new_window=\u00bbon\u00bb global_colors_info=\u00bb{}\u00bb open=\u00bboff\u00bb][\/et_pb_accordion_item][et_pb_accordion_item title=\u00bbOrdenanza Tarifaria Municipal &#8211; Ordenanza 20-23&#8243; _builder_version=\u00bb4.22.2&#8243; _module_preset=\u00bbdefault\u00bb link_option_url=\u00bbhttps:\/\/coloniaavellaneda.gob.ar\/web\/wp-content\/uploads\/2023\/12\/Ordenanza-Tarifaria-Municipal.pdf\u00bb global_colors_info=\u00bb{}\u00bb open=\u00bboff\u00bb][\/et_pb_accordion_item][et_pb_accordion_item title=\u00bbBALANCE DICIEMBRE 2022&#8243; _builder_version=\u00bb4.23.4&#8243; _module_preset=\u00bbdefault\u00bb link_option_url=\u00bbhttps:\/\/coloniaavellaneda.gob.ar\/web\/wp-content\/uploads\/2024\/05\/BALANCE-DICIEMBRE-2022.pdf\u00bb global_colors_info=\u00bb{}\u00bb open=\u00bboff\u00bb][\/et_pb_accordion_item][et_pb_accordion_item title=\u00bbBALANCE DE ABRIL 2023&#8243; _builder_version=\u00bb4.23.4&#8243; _module_preset=\u00bbdefault\u00bb link_option_url=\u00bbhttps:\/\/coloniaavellaneda.gob.ar\/web\/wp-content\/uploads\/2024\/05\/BALANCE-DE-ABRIL-2023.pdf\u00bb global_colors_info=\u00bb{}\u00bb open=\u00bboff\u00bb][\/et_pb_accordion_item][et_pb_accordion_item title=\u00bbBALANCE DE AGOSTO 2023&#8243; _builder_version=\u00bb4.23.4&#8243; _module_preset=\u00bbdefault\u00bb link_option_url=\u00bbhttps:\/\/coloniaavellaneda.gob.ar\/web\/wp-content\/uploads\/2024\/05\/BALANCE-DE-AGOSTO-2023.pdf\u00bb global_colors_info=\u00bb{}\u00bb open=\u00bboff\u00bb][\/et_pb_accordion_item][et_pb_accordion_item title=\u00bbBALANCE DE INVERSION DICIEMBRE 2023&#8243; _builder_version=\u00bb4.23.4&#8243; _module_preset=\u00bbdefault\u00bb link_option_url=\u00bbhttps:\/\/coloniaavellaneda.gob.ar\/web\/wp-content\/uploads\/2024\/05\/BALANCE-DE-INVERSION-DICIEMBRE-2023.pdf\u00bb global_colors_info=\u00bb{}\u00bb open=\u00bboff\u00bb][\/et_pb_accordion_item][et_pb_accordion_item title=\u00bbFOJA UNO LIBRO ACTAS 2&#8243; _builder_version=\u00bb4.26.1&#8243; _module_preset=\u00bbdefault\u00bb link_option_url=\u00bbhttps:\/\/coloniaavellaneda.gob.ar\/web\/wp-content\/uploads\/2024\/09\/FOJA-UNO-LIBRO-ACTAS-2.pdf\u00bb global_colors_info=\u00bb{}\u00bb open=\u00bboff\u00bb][\/et_pb_accordion_item][et_pb_accordion_item title=\u00bbOrdenanza 014\/24&#8243; _builder_version=\u00bb4.26.1&#8243; _module_preset=\u00bbdefault\u00bb link_option_url=\u00bbhttps:\/\/coloniaavellaneda.gob.ar\/web\/wp-content\/uploads\/2024\/10\/Ordenanza-014-24.pdf\u00bb global_colors_info=\u00bb{}\u00bb open=\u00bboff\u00bb][\/et_pb_accordion_item][et_pb_accordion_item title=\u00bbEjecuci\u00f3n Presupuestaria 2024  Primer Cuatrimestre \u00bb _builder_version=\u00bb4.27.4&#8243; _module_preset=\u00bbdefault\u00bb link_option_url=\u00bbhttps:\/\/coloniaavellaneda.gob.ar\/web\/wp-content\/uploads\/2025\/05\/EJECUCION-PRESUPUESTARIA_20250527_112014.jpg\u00bb global_colors_info=\u00bb{}\u00bb open=\u00bboff\u00bb][\/et_pb_accordion_item][et_pb_accordion_item title=\u00bbEjecuci\u00f3n Presupuestaria 2024 Segundo Cuatrimestre\u00bb _builder_version=\u00bb4.27.4&#8243; _module_preset=\u00bbdefault\u00bb link_option_url=\u00bbhttps:\/\/coloniaavellaneda.gob.ar\/web\/wp-content\/uploads\/2025\/05\/EJECUCION-PRESUPUESTARIA_20250527_112019.jpg\u00bb global_colors_info=\u00bb{}\u00bb open=\u00bboff\u00bb][\/et_pb_accordion_item][et_pb_accordion_item title=\u00bbEjecuci\u00f3n Presupuestaria 2024  Tercer Cuatrimestre\u00bb _builder_version=\u00bb4.27.4&#8243; _module_preset=\u00bbdefault\u00bb link_option_url=\u00bbhttps:\/\/coloniaavellaneda.gob.ar\/web\/wp-content\/uploads\/2025\/05\/EJECUCION-PRESUPUESTARIA_20250527_112001.jpg\u00bb global_colors_info=\u00bb{}\u00bb open=\u00bboff\u00bb][\/et_pb_accordion_item][et_pb_accordion_item title=\u00bbOrdenanza 005\/25&#8243; _builder_version=\u00bb4.27.4&#8243; _module_preset=\u00bbdefault\u00bb link_option_url=\u00bbhttps:\/\/coloniaavellaneda.gob.ar\/web\/wp-content\/uploads\/2025\/06\/Ordenanza-005_25.pdf\u00bb global_colors_info=\u00bb{}\u00bb open=\u00bboff\u00bb][\/et_pb_accordion_item][et_pb_accordion_item title=\u00bbOrdenanza 006\/25&#8243; _builder_version=\u00bb4.27.4&#8243; _module_preset=\u00bbdefault\u00bb link_option_url=\u00bbhttps:\/\/coloniaavellaneda.gob.ar\/web\/wp-content\/uploads\/2025\/06\/Ordenanza-006_25.pdf\u00bb global_colors_info=\u00bb{}\u00bb open=\u00bboff\u00bb][\/et_pb_accordion_item][et_pb_accordion_item title=\u00bbOrdenanza 003\/26&#8243; _builder_version=\u00bb4.27.4&#8243; _module_preset=\u00bbdefault\u00bb link_option_url=\u00bbhttps:\/\/coloniaavellaneda.gob.ar\/web\/wp-content\/uploads\/2026\/04\/ORD-03-2026.pdf\u00bb hover_enabled=\u00bb0&#8243; sticky_enabled=\u00bb0&#8243;][\/et_pb_accordion_item][et_pb_accordion_item title=\u00bbOrdenanza 004\/26&#8243; _builder_version=\u00bb4.27.4&#8243; _module_preset=\u00bbdefault\u00bb link_option_url=\u00bbhttps:\/\/coloniaavellaneda.gob.ar\/web\/wp-content\/uploads\/2026\/04\/ORD-04-2026.pdf\u00bb hover_enabled=\u00bb0&#8243; sticky_enabled=\u00bb0&#8243;][\/et_pb_accordion_item][et_pb_accordion_item title=\u00bbOrdenanza 005\/26&#8243; _builder_version=\u00bb4.27.4&#8243; _module_preset=\u00bbdefault\u00bb link_option_url=\u00bbhttps:\/\/coloniaavellaneda.gob.ar\/web\/wp-content\/uploads\/2026\/04\/ORD-05-2026.pdf\u00bb hover_enabled=\u00bb0&#8243; sticky_enabled=\u00bb0&#8243;][\/et_pb_accordion_item][\/et_pb_accordion][\/et_pb_column][\/et_pb_row][et_pb_row _builder_version=\u00bb4.19.0&#8243; _module_preset=\u00bbdefault\u00bb global_colors_info=\u00bb{}\u00bb][et_pb_column type=\u00bb4_4&#8243; _builder_version=\u00bb4.19.0&#8243; _module_preset=\u00bbdefault\u00bb global_colors_info=\u00bb{}\u00bb][et_pb_blurb title=\u00bbUrbanizaci\u00f3n\u00bb use_icon=\u00bbon\u00bb _builder_version=\u00bb4.19.0&#8243; _module_preset=\u00bbdefault\u00bb header_level=\u00bbh1&#8243; header_font=\u00bb|700|on||on|||#0DA0C5|\u00bb header_text_align=\u00bbcenter\u00bb header_text_color=\u00bb#0DA0C5&#8243; header_font_size=\u00bb35px\u00bb text_orientation=\u00bbcenter\u00bb min_height=\u00bb62px\u00bb custom_padding=\u00bb12px|||||\u00bb global_colors_info=\u00bb{}\u00bb][\/et_pb_blurb][et_pb_accordion open_toggle_text_color=\u00bb#0DA0C5&#8243; _builder_version=\u00bb4.19.0&#8243; _module_preset=\u00bbdefault\u00bb toggle_text_color=\u00bb#0DA0C5&#8243; global_colors_info=\u00bb{}\u00bb][et_pb_accordion_item title=\u00bb- ORDENANZA 42-2008 C\u00f3digo de Ordenamiento Urbano y Edificaci\u00f3n\u00bb open=\u00bbon\u00bb _builder_version=\u00bb4.19.0&#8243; _module_preset=\u00bbdefault\u00bb link_option_url=\u00bbhttps:\/\/coloniaavellaneda.gob.ar\/web\/wp-content\/uploads\/2023\/04\/ORDENANZA-42-2008-Codigo-de-Ordenamiento-Urbano-y-Edificacion-1.pdf\u00bb global_colors_info=\u00bb{}\u00bb][\/et_pb_accordion_item][et_pb_accordion_item title=\u00bb- ORDENANZA 20-2011 C\u00f3digo de Edificaci\u00f3n de Colonia Avellaneda\u00bb _builder_version=\u00bb4.19.0&#8243; _module_preset=\u00bbdefault\u00bb link_option_url=\u00bbhttps:\/\/coloniaavellaneda.gob.ar\/web\/wp-content\/uploads\/2023\/04\/ORDENANZA-20-2011-Codigo-de-Edificacion-de-Colonia-Avellaneda-1.pdf\u00bb global_colors_info=\u00bb{}\u00bb open=\u00bboff\u00bb][\/et_pb_accordion_item][\/et_pb_accordion][\/et_pb_column][\/et_pb_row][et_pb_row _builder_version=\u00bb4.27.4&#8243; _module_preset=\u00bbdefault\u00bb custom_padding=\u00bb|||11px||\u00bb global_colors_info=\u00bb{}\u00bb][et_pb_column type=\u00bb4_4&#8243; _builder_version=\u00bb4.27.4&#8243; _module_preset=\u00bbdefault\u00bb global_colors_info=\u00bb{}\u00bb][et_pb_accordion _builder_version=\u00bb4.27.4&#8243; _module_preset=\u00bbdefault\u00bb global_colors_info=\u00bb{}\u00bb][et_pb_accordion_item title=\u00bbLICITACI\u00d3N P\u00daBLICA N\u00ba 01\/2025&#8243; open=\u00bbon\u00bb _builder_version=\u00bb4.27.4&#8243; _module_preset=\u00bbdefault\u00bb global_colors_info=\u00bb{}\u00bb toggle_text_color=\u00bb#000000&#8243; toggle_level=\u00bbh3&#8243; toggle_font=\u00bb||||on||||\u00bb]<\/p>\n<p><strong>OBJETIVO: Adquisici\u00f3n de 1 (uno) \u201cCami\u00f3n usado automatizado, equipado con compactador trasero de residuos, con una capacidad de carga m\u00ednima de 17 M<sup>3<\/sup>\u201d.-<\/strong><\/p>\n<p><strong><\/strong><\/p>\n<p><strong>Detalle del Servicio: Se consigna en el P.B.C..-<\/strong><\/p>\n<p><strong><\/strong><\/p>\n<p><strong>FechayHora de Apertura: Mi\u00e9rcoles 03 de Diciembrede2025alas10:00hs.<\/strong><\/p>\n<p>&nbsp;<\/p>\n<p><strong>Valor del Pliego: $200.000,00(pesosdoscientosmilcon00\/100centavos), adquiri\u00e9ndose en Tesorer\u00eda Municipal, sito en Teniente Gim\u00e9nez 2679 \u2013 Colonia Avellaneda.-<\/strong><\/p>\n<p><strong><\/strong><\/p>\n<p><strong>Presupuesto Oficial: $140.000.000,00(pesos ciento cuarenta millones con 00\/100 centavos).-<\/strong><\/p>\n<p><strong><\/strong><\/p>\n<p><strong>Lugar de Apertura: Sal\u00f3n Principal del Prado Espa\u00f1ol de Colonia Avellaneda, sito en Km 14,5 de la Ruta 12, a metros de la Rotonda.-<\/strong><\/p>\n<p><strong><\/strong><\/p>\n<p><strong>Por m\u00e1s Informaci\u00f3n, comunicarse a los Tel\u00e9fonos: (0343) 4979424 \/ 4979849 &#8211; Interno27.-<\/strong><\/p>\n<p><strong><\/strong><\/p>\n<p><a href=\"https:\/\/coloniaavellaneda.gob.ar\/web\/wp-content\/uploads\/2025\/11\/LICITACION-PUBLICA-01-2025-CAMION-COMPACTADOR.docx\">\u00a0PLIEGO Y CONDICIONES GENERALES<\/a><\/p>\n<p><strong><\/strong><\/p>\n<p>[\/et_pb_accordion_item][\/et_pb_accordion][\/et_pb_column][\/et_pb_row][et_pb_row _builder_version=\u00bb4.27.4&#8243; _module_preset=\u00bbdefault\u00bb custom_padding=\u00bb|||11px||\u00bb global_colors_info=\u00bb{}\u00bb][et_pb_column type=\u00bb4_4&#8243; _builder_version=\u00bb4.27.4&#8243; _module_preset=\u00bbdefault\u00bb global_colors_info=\u00bb{}\u00bb][et_pb_accordion _builder_version=\u00bb4.27.4&#8243; _module_preset=\u00bbdefault\u00bb global_colors_info=\u00bb{}\u00bb][et_pb_accordion_item title=\u00bbLICITACI\u00d3N P\u00daBLICA N\u00ba 02\/2025&#8243; open=\u00bbon\u00bb _builder_version=\u00bb4.27.4&#8243; _module_preset=\u00bbdefault\u00bb global_colors_info=\u00bb{}\u00bb toggle_text_color=\u00bb#000000&#8243; toggle_level=\u00bbh3&#8243; toggle_font=\u00bb||||on||||\u00bb]<\/p>\n<p><strong>OBJETIVO: Adquisici\u00f3n de 340 M<sup>3<\/sup> de Hormig\u00f3n Elaborado H21 puesto en obra para llevar a cabo la segunda etapa de trabajo de pavimento de hormig\u00f3n r\u00edgido correspondiente al tramo faltante de calle Ya\u00f1ez Martin, comprendido entre Ren\u00e9 Favaloro y Convenci\u00f3n Constituyente N\u00a0 2008, con una longitud aproximada de 300 metros lineales.-<\/strong><\/p>\n<p><strong><\/strong><\/p>\n<p><strong>Detalle del Servicio: Se consigna en el P.B.C..-<\/strong><\/p>\n<p><strong><\/strong><\/p>\n<p><strong>Fecha y Hora de Apertura: Jueves04 de Diciembrede2025alas10:00hs.<\/strong><\/p>\n<p>&nbsp;<\/p>\n<p><strong>Valor del Pliego: $100.000,00(pesoscienmilcon00\/100centavos), adquiri\u00e9ndose en Tesorer\u00eda Municipal, sito en Teniente Gim\u00e9nez 2679 \u2013 Colonia Avellaneda.-<\/strong><\/p>\n<p><strong><\/strong><\/p>\n<p><strong>Presupuesto Oficial: $57.000.000,00(pesos cincuenta y siete millones con 00\/100 centavos).-<\/strong><\/p>\n<p><strong><\/strong><\/p>\n<p><strong>Lugar de Apertura: Sal\u00f3n Principal del Prado Espa\u00f1ol de Colonia Avellaneda, sito en Km 14,5 de la Ruta 12, a metros de la Rotonda.-<\/strong><\/p>\n<p><strong><\/strong><\/p>\n<p><strong>Por m\u00e1s Informaci\u00f3n, comunicarse a los Tel\u00e9fonos: (0343) 4979424 \/ 4979849 &#8211; Interno27.-<\/strong><\/p>\n<p><a href=\"https:\/\/coloniaavellaneda.gob.ar\/web\/wp-content\/uploads\/2025\/11\/LICITACION-PUBLICA-02-2025-HORMIGON.docx\">PLIEGO Y CONDICIONES GENERALES .<\/a><\/p>\n<p><strong><\/strong><\/p>\n<p>[\/et_pb_accordion_item][\/et_pb_accordion][\/et_pb_column][\/et_pb_row][et_pb_row _builder_version=\u00bb4.19.0&#8243; _module_preset=\u00bbdefault\u00bb global_colors_info=\u00bb{}\u00bb][et_pb_column type=\u00bb4_4&#8243; _builder_version=\u00bb4.19.0&#8243; _module_preset=\u00bbdefault\u00bb global_colors_info=\u00bb{}\u00bb][et_pb_accordion _builder_version=\u00bb4.19.0&#8243; _module_preset=\u00bbdefault\u00bb global_colors_info=\u00bb{}\u00bb][et_pb_accordion_item title=\u00bbLicitaci\u00f3n P\u00fablica 02\/2023&#8243; open=\u00bbon\u00bb open_toggle_text_color=\u00bb#000000&#8243; _builder_version=\u00bb4.19.0&#8243; _module_preset=\u00bbdefault\u00bb global_colors_info=\u00bb{}\u00bb toggle_text_color=\u00bb#000000&#8243; toggle_font=\u00bb|700|||on||||\u00bb toggle_font_size=\u00bb20px\u00bb]<\/p>\n<p><span style=\"font-size: 14px;\">OBJETO: \u201cConstrucci\u00f3n de dos perforaciones pozos de agua potable\u201d<br \/>DETALLE DE LAS OBRAS: Se consigna en el P.C.G. y P.C.<br \/>FECHA DE APERTURA: Jueves 10 de agosto de 2023 a las 10 horas en el Sal\u00f3n<br \/>principal del Prado Espa\u00f1ol, sito en Km 14.5 de la Ruta 12, a metros de la rotonda,<br \/>Ciudad de Colonia Avellaneda.<br \/>VALOR DEL PLIEGO: Sin Costo (Puede retirarse de manera presencial por la<br \/>Oficina de Obras P\u00fablicas, (Ruta 12 esquina Ciudad de Colon) o descargarse en forma<br \/>electr\u00f3nica de la p\u00e1gina web oficial de la municipalidad)<br \/>SELLO DE IMPUGNACI\u00d3N: $150.000 (Ciento cincuenta Mil).<br \/>PRESUPUESTO OFICIAL: pesos ciento seis millones seiscientos veintitr\u00e9s mil<br \/>trescientos cincuenta y cuatro con 59\/100 ($ 106.623.354,59)<br \/>POR INFORMES Y CONSULTAS:<br \/>\u00a0obraspublicas@coloniaavellaneda.gob.ar<br \/>\u00a0<a href=\"http:\/\/coloniaavellaneda.gob.ar\">http:\/\/coloniaavellaneda.gob.ar<\/a><\/span><\/p>\n<ul>\n<li dir=\"auto\" style=\"list-style-type: none;\"><\/li>\n<\/ul>\n<p><a href=\"https:\/\/coloniaavellaneda.gob.ar\/web\/wp-content\/uploads\/2023\/07\/PLIEGO-CONDICIONES-GENERALES-POZOS.pdf\">Pliego Condiciones Generales<\/a><\/p>\n<p><a href=\"https:\/\/coloniaavellaneda.gob.ar\/web\/wp-content\/uploads\/2023\/07\/planos-perforaciones.pdf\">Planos Perforaciones<\/a><\/p>\n<p><a href=\"https:\/\/coloniaavellaneda.gob.ar\/web\/wp-content\/uploads\/2023\/07\/documentacion-tecnica-perforaciones.pdf\">Documentacion Tecnica &#8211; Perforaciones<\/a>\u00a0<\/p>\n<p><a href=\"https:\/\/forms.gle\/Lq5MXKzi2tk8SKrR9\">Formulario de Preinscripcion<\/a><\/p>\n<p>&nbsp;<\/p>\n<p>[\/et_pb_accordion_item][\/et_pb_accordion][et_pb_accordion _builder_version=\u00bb4.19.0&#8243; _module_preset=\u00bbdefault\u00bb global_colors_info=\u00bb{}\u00bb][et_pb_accordion_item title=\u00bbLicitaci\u00f3n P\u00fablica 01\/2023&#8243; open=\u00bbon\u00bb open_toggle_text_color=\u00bb#000000&#8243; _builder_version=\u00bb4.19.0&#8243; _module_preset=\u00bbdefault\u00bb global_colors_info=\u00bb{}\u00bb toggle_text_color=\u00bb#000000&#8243; toggle_font=\u00bb|700|||on||||\u00bb toggle_font_size=\u00bb20px\u00bb]<\/p>\n<h2><span style=\"font-size: 14px;\">CONSTRUCCION DE PERFORACIONES PARA POZOS DE AGUA POTABLE<\/span><\/h2>\n<ul>\n<li dir=\"auto\" style=\"list-style-type: none;\"><\/li>\n<\/ul>\n<p>Pliego Condiciones Generales<\/p>\n<p>Planos Perforaciones<\/p>\n<p>Documentacion Tecnica &#8211; Perforaciones\u00a0<\/p>\n<p>Formulario de Preinscripcion<\/p>\n<p>&nbsp;<\/p>\n<p>[\/et_pb_accordion_item][\/et_pb_accordion][\/et_pb_column][\/et_pb_row][et_pb_row _builder_version=\u00bb4.19.0&#8243; _module_preset=\u00bbdefault\u00bb global_colors_info=\u00bb{}\u00bb][et_pb_column type=\u00bb4_4&#8243; _builder_version=\u00bb4.19.0&#8243; _module_preset=\u00bbdefault\u00bb global_colors_info=\u00bb{}\u00bb][et_pb_accordion _builder_version=\u00bb4.19.0&#8243; _module_preset=\u00bbdefault\u00bb global_colors_info=\u00bb{}\u00bb][et_pb_accordion_item title=\u00bbLicitaci\u00f3n P\u00fablica 04\/2021&#8243; open=\u00bbon\u00bb open_toggle_text_color=\u00bb#000000&#8243; _builder_version=\u00bb4.19.0&#8243; _module_preset=\u00bbdefault\u00bb global_colors_info=\u00bb{}\u00bb toggle_text_color=\u00bb#000000&#8243; toggle_font=\u00bb|700|||on||||\u00bb toggle_font_size=\u00bb20px\u00bb]<\/p>\n<h2><span style=\"font-size: 14px;\">CONSTRUCCION DE CENTRO DE DESARROLLO INFANTIL COLONIA AVELLANEDA<\/span><\/h2>\n<ul>\n<li dir=\"auto\"><strong>DETALLES DE LAS OBRAS: <\/strong>Se consigna en el P.C.G. y P.C.<\/li>\n<li dir=\"auto\"><strong>FECHA DE APERTURA:<\/strong>\u00a0Viernes 24 de Septiembre de 2021, a las 10hs en el salon principal del Prado Espa\u00f1ol de Colonia Avellaneda, sito en Km 14,5 de la Ruta 12, a metros de la rotonda.<\/li>\n<li dir=\"auto\"><b>VALOR DEL PLIEGO: <\/b>Sin Costo. Puede retirarse de manera presencial por la Oficina de Obras P\u00fablicas, (Ruta 12 esquina Ciudad de Colon) o descargarse en forma electr\u00f3nica de la p\u00e1gina web oficial de la Municipalidad (enlace a continuaci\u00f3n).<\/li>\n<li dir=\"auto\"><b>SELLO DE IMPUGNACION:\u00a0\u00a0<\/b>$50.000 (Cincuenta mil pesos).<\/li>\n<li dir=\"auto\"><b>PRESUPUESTO OFICIAL: TREITA Y CINCO MILLONES TRECIENTOS CUARENTA Y CINCO MIL SEICIENTOS TRECE CON 15\/100 ($35.345.613,15).<\/b><\/li>\n<li dir=\"auto\"><b>CONSULTAS:<\/b>\n<ul>\n<li dir=\"auto\"><b>Tel 343 4076744 ref.: Licitacion 04\/2021<\/b><\/li>\n<li dir=\"auto\"><b>email\u00a0 obraspublicas@coloniaavellaneda.gob.ar<\/b><\/li>\n<li dir=\"auto\"><b>Formulario de Consulta aqu\u00ed:\u00a0\u00a0<a href=\"https:\/\/forms.gle\/WZBLufvuAcd77d1m6\">https:\/\/forms.gle\/WZBLufvuAcd77d1m6<\/a><\/b><\/li>\n<\/ul>\n<\/li>\n<\/ul>\n<p><a href=\"https:\/\/forms.gle\/XAFTEfwazzCp8Fin7\" role=\"button\">Formulario de descarga de Pliego<\/a><br \/><a href=\"http:\/\/coloniaavellaneda.gob.ar\/wordpress\/wp-content\/uploads\/2021\/09\/Licitacion0421.pdf\" target=\"_blank\" role=\"button\" rel=\"noopener\">Descargar Documentaci\u00f3n<\/a><\/p>\n<p>[\/et_pb_accordion_item][\/et_pb_accordion][\/et_pb_column][\/et_pb_row][et_pb_row _builder_version=\u00bb4.19.0&#8243; _module_preset=\u00bbdefault\u00bb global_colors_info=\u00bb{}\u00bb][et_pb_column type=\u00bb4_4&#8243; _builder_version=\u00bb4.19.0&#8243; _module_preset=\u00bbdefault\u00bb global_colors_info=\u00bb{}\u00bb][et_pb_accordion _builder_version=\u00bb4.19.0&#8243; _module_preset=\u00bbdefault\u00bb toggle_font=\u00bb|700|||on||||\u00bb toggle_font_size=\u00bb20px\u00bb global_colors_info=\u00bb{}\u00bb][et_pb_accordion_item title=\u00bbLicitaci\u00f3n P\u00fablica 03\/2021&#8243; open=\u00bbon\u00bb _builder_version=\u00bb4.19.0&#8243; _module_preset=\u00bbdefault\u00bb global_colors_info=\u00bb{}\u00bb]<\/p>\n<h6>Enmienda<\/h6>\n<h6>Que por un error involuntario en la confecci\u00f3n del pliego se indic\u00f3 una fecha de apertura que\u00a0<u>no corresponde<\/u>\u00a0en el art\u00edculo\u00a0<u><i>((ARTICULO 4\u00ba: APERTURA DE LA LICITACION: La apertura de la presente licitaci\u00f3n p\u00fablica se llevar\u00e1 a cabo el d\u00eda\u00a0<b>Viernes 14<\/b>\u00a0de mayo del a\u00f1o 2021 a las 10:00 horas, en el Sal\u00f3n principal del Prado Espa\u00f1ol de Colonia Avellaneda, sito en Km 14,5 de la Ruta 12 a metros de la rotonda.))<\/i><\/u><br \/>La misma deber\u00e1 reemplazarse por la siguiente:\u00a0<\/h6>\n<h2><\/h2>\n<p><b>Mi\u00e9rcoles 12<\/b>\u00a0de Mayo del a\u00f1o 2021 a las 10:00hs.<\/p>\n<p>En efecto, el pliego de la licitaci\u00f3n N\u00ba 3\/21 se vuelve a cargar en la web a los fines de exponer el documento correcto y actualizado para los interesados <a href=\"http:\/\/localhost\/wordpress\/wp-content\/uploads\/2021\/05\/PLIEGO-LICITACION-03-2021.pdf\" target=\"_blank\" role=\"button\" rel=\"noopener\">Descargar Documentaci\u00f3n<\/a><\/p>\n<p>[\/et_pb_accordion_item][\/et_pb_accordion][\/et_pb_column][\/et_pb_row][et_pb_row _builder_version=\u00bb4.19.0&#8243; _module_preset=\u00bbdefault\u00bb global_colors_info=\u00bb{}\u00bb][et_pb_column type=\u00bb4_4&#8243; _builder_version=\u00bb4.19.0&#8243; _module_preset=\u00bbdefault\u00bb global_colors_info=\u00bb{}\u00bb][et_pb_accordion _builder_version=\u00bb4.19.0&#8243; _module_preset=\u00bbdefault\u00bb toggle_font=\u00bb|700|||on||||\u00bb toggle_font_size=\u00bb20px\u00bb global_colors_info=\u00bb{}\u00bb][et_pb_accordion_item title=\u00bbLicitaci\u00f3n P\u00fablica 03\/2021&#8243; open=\u00bbon\u00bb _builder_version=\u00bb4.19.0&#8243; _module_preset=\u00bbdefault\u00bb global_colors_info=\u00bb{}\u00bb]<\/p>\n<h2><span style=\"font-size: 14px;\">ADQUISICION 1 VEHICULO INSTITUCIONAL 0KM ADAPTADO PARA EL TRASLADO DE PERSONAS CON DISCAPACIDAD<\/span><\/h2>\n<ul>\n<li dir=\"auto\"><strong>FECHA DE APERTURA:<\/strong> Miercoles 12 de mayo a las 10:00hs.<\/li>\n<li dir=\"auto\"><strong>LUGAR DE APERTURA:<\/strong> Sal\u00f3n principal del Prado Espa\u00f1ol.<\/li>\n<\/ul>\n<p><a href=\"http:\/\/localhost\/wordpress\/wp-content\/uploads\/2021\/05\/PLIEGO-LICITACION-03-2021.pdf\" target=\"_blank\" role=\"button\" rel=\"noopener\">Descargar Documentaci\u00f3n<\/a><\/p>\n<p>[\/et_pb_accordion_item][\/et_pb_accordion][\/et_pb_column][\/et_pb_row][et_pb_row _builder_version=\u00bb4.19.0&#8243; _module_preset=\u00bbdefault\u00bb global_colors_info=\u00bb{}\u00bb][et_pb_column type=\u00bb4_4&#8243; _builder_version=\u00bb4.19.0&#8243; _module_preset=\u00bbdefault\u00bb global_colors_info=\u00bb{}\u00bb][et_pb_accordion _builder_version=\u00bb4.19.0&#8243; _module_preset=\u00bbdefault\u00bb toggle_font=\u00bb|700|||on||||\u00bb toggle_font_size=\u00bb20px\u00bb global_colors_info=\u00bb{}\u00bb][et_pb_accordion_item title=\u00bbLicitaci\u00f3n P\u00fablica 01\/2021&#8243; open=\u00bbon\u00bb _builder_version=\u00bb4.19.0&#8243; _module_preset=\u00bbdefault\u00bb global_colors_info=\u00bb{}\u00bb]<\/p>\n<h2><span style=\"font-size: 14px;\">RED CLOACAL BARRIO LOS ZORZALES<\/span><\/h2>\n<ul>\n<li dir=\"auto\"><strong>FECHA DE APERTURA:<\/strong> Martes 23 de febrero de 2021 a las 11:00hs.<\/li>\n<li dir=\"auto\"><strong>LUGAR DE APERTURA:<\/strong> Sal\u00f3n principal del Prado Espa\u00f1ol.<\/li>\n<\/ul>\n<p><a href=\"http:\/\/localhost\/wordpress\/licitacion-publica-01-2021-documentacion\/\" target=\"_blank\" role=\"button\" rel=\"noopener\">Descargar Documentaci\u00f3n<\/a><\/p>\n<p>[\/et_pb_accordion_item][\/et_pb_accordion][\/et_pb_column][\/et_pb_row][\/et_pb_section]<\/p>\n","protected":false},"excerpt":{"rendered":"<p>OBJETIVO: Adquisici\u00f3n de 1 (uno) \u201cCami\u00f3n usado automatizado, equipado con compactador trasero de residuos, con una capacidad de carga m\u00ednima de 17 M3\u201d.- Detalle del Servicio: Se consigna en el P.B.C..- FechayHora de Apertura: Mi\u00e9rcoles 03 de Diciembrede2025alas10:00hs. &nbsp; Valor del Pliego: $200.000,00(pesosdoscientosmilcon00\/100centavos), adquiri\u00e9ndose en Tesorer\u00eda Municipal, sito en Teniente Gim\u00e9nez 2679 \u2013 Colonia Avellaneda.- [&hellip;]<\/p>\n","protected":false},"author":1,"featured_media":0,"parent":0,"menu_order":0,"comment_status":"closed","ping_status":"closed","template":"","meta":{"_et_pb_use_builder":"on","_et_pb_old_content":"<h2>Licitaci\u00f3n P\u00fablica 04\/2021<\/h2>\t\t\n\t\t<h6>CONSTRUCCION DE CENTRO DE DESARROLLO INFANTIL COLONIA AVELLANEDA<\/h6><ul><li dir=\"auto\"><strong>DETALLES DE LAS OBRAS: <\/strong>Se consigna en el P.C.G. y P.C.<\/li><li dir=\"auto\"><strong>FECHA DE APERTURA:<\/strong>\u00a0Viernes 24 de Septiembre de 2021, a las 10hs en el salon principal del Prado Espa\u00f1ol de Colonia Avellaneda, sito en Km 14,5 de la Ruta 12, a metros de la rotonda.<\/li><li dir=\"auto\"><b>VALOR DEL PLIEGO: <\/b>Sin Costo. Puede retirarse de manera presencial por la Oficina de Obras P\u00fablicas, (Ruta 12 esquina Ciudad de Colon) o descargarse en forma electr\u00f3nica de la p\u00e1gina web oficial de la Municipalidad (enlace a continuaci\u00f3n).<\/li><li dir=\"auto\"><b>SELLO DE IMPUGNACION:\u00a0\u00a0<\/b>$50.000 (Cincuenta mil pesos).<\/li><li dir=\"auto\"><b>PRESUPUESTO OFICIAL: TREITA Y CINCO MILLONES TRECIENTOS CUARENTA Y CINCO MIL SEICIENTOS TRECE CON 15\/100 ($35.345.613,15).<\/b><\/li><li dir=\"auto\"><b>CONSULTAS:<\/b><ul><li dir=\"auto\"><b>Tel 343 4076744 ref.: Licitacion 04\/2021<\/b><\/li><li dir=\"auto\"><b>email\u00a0 obraspublicas@coloniaavellaneda.gob.ar<\/b><\/li><li dir=\"auto\"><b>Formulario de Consulta aqu\u00ed:\u00a0\u00a0<a href=\"https:\/\/forms.gle\/WZBLufvuAcd77d1m6\">https:\/\/forms.gle\/WZBLufvuAcd77d1m6<\/a><\/b><\/li><\/ul><\/li><\/ul><p><b>\u00a0<\/b><\/p>\t\t\n\t\t\t<a href=\"https:\/\/forms.gle\/XAFTEfwazzCp8Fin7\" role=\"button\">\n\t\t\t\t\t\tFormulario de descarga de Pliego\n\t\t\t\t\t<\/a>\n\t\t\t<a href=\"http:\/\/coloniaavellaneda.gob.ar\/wordpress\/wp-content\/uploads\/2021\/09\/Licitacion0421.pdf\" target=\"_blank\" role=\"button\" rel=\"noopener\">\n\t\t\t\t\t\tDescargar Documentaci\u00f3n\n\t\t\t\t\t<\/a>\n\t\t\t<h2>Urbanizaci\u00f3n\n<\/h2>\t\t\n\t\t\t\t\t<ul>\n\t\t\t\t\t\t\t<li>\n\t\t\t\t\t\t\t\t\t\t\t<a href=\"http:\/\/localhost\/wordpress\/wp-content\/uploads\/2021\/02\/ORDENANZA-42-2008-Codigo-de-Ordenamiento-Urbano-y-Edificacion.pdf\">\n\t\t\t\t\t\t\t\t\t\tORDENANZA 42-2008 C\u00f3digo de Ordenamiento Urbano y Edificaci\u00f3n\n\t\t\t\t\t\t\t\t\t\t\t<\/a>\n\t\t\t\t\t\t\t\t\t<\/li>\n\t\t\t\t\t\t\t\t<li>\n\t\t\t\t\t\t\t\t\t\t\t<a href=\"http:\/\/localhost\/wordpress\/wp-content\/uploads\/2021\/02\/ORDENANZA-42-2008-Codigo-de-Ordenamiento-Urbano-y-Edificacion.pdf\">\n\t\t\t\t\t\t\t\t\t\tORDENANZA 42-2008 C\u00f3digo de Ordenamiento Urbano y Edificaci\u00f3n\n\t\t\t\t\t\t\t\t\t\t\t<\/a>\n\t\t\t\t\t\t\t\t\t<\/li>\n\t\t\t\t\t\t\t\t<li>\n\t\t\t\t\t\t\t\t\t\t\t<a href=\"http:\/\/localhost\/wordpress\/wp-content\/uploads\/2021\/02\/ORDENANZA-20-2011-Codigo-de-Edificacion-de-Colonia-Avellaneda.pdf\">\n\t\t\t\t\t\t\t\t\t\tORDENANZA 20-2011 C\u00f3digo de Edificaci\u00f3n de Colonia Avellaneda\n\t\t\t\t\t\t\t\t\t\t\t<\/a>\n\t\t\t\t\t\t\t\t\t<\/li>\n\t\t\t\t\t\t<\/ul>\n\t\t\t<h6>Enmienda<\/h6>\t\t\n\t\t\t<h2>Licitaci\u00f3n P\u00fablica 03\/2021<\/h2>\t\t\n\t\t<p>Que por un error involuntario en la confecci\u00f3n del pliego se indic\u00f3 una fecha de apertura que\u00a0<u>no corresponde<\/u>\u00a0en el art\u00edculo\u00a0<u><i>((ARTICULO 4\u00ba: APERTURA DE LA LICITACION: La apertura de la presente licitaci\u00f3n p\u00fablica se llevar\u00e1 a cabo el d\u00eda\u00a0<b>Viernes 14<\/b>\u00a0de mayo del a\u00f1o 2021 a las 10:00 horas, en el Sal\u00f3n principal del Prado Espa\u00f1ol de Colonia Avellaneda, sito en Km 14,5 de la Ruta 12 a metros de la rotonda.))<\/i><\/u><br \/>La misma deber\u00e1 reemplazarse por la siguiente:\u00a0<\/p><p><b>Mi\u00e9rcoles 12<\/b>\u00a0de Mayo del a\u00f1o 2021 a las 10:00hs.<\/p><p>En efecto, el pliego de la licitaci\u00f3n N\u00ba 3\/21 se vuelve a cargar en la web a los fines de exponer el documento correcto y actualizado para los interesados en<\/p>\t\t\n\t\t\t<a href=\"http:\/\/localhost\/wordpress\/wp-content\/uploads\/2021\/05\/PLIEGO-LICITACION-03-2021.pdf\" target=\"_blank\" role=\"button\" rel=\"noopener\">\n\t\t\t\t\t\tDescargar Documentaci\u00f3n\n\t\t\t\t\t<\/a>\n\t\t\t<h2>Licitaci\u00f3n P\u00fablica 03\/2021<\/h2>\t\t\n\t\t<h6>ADQUISICION 1 VEHICULO INSTITUCIONAL 0KM ADAPTADO PARA EL TRASLADO DE PERSONAS CON DISCAPACIDAD<\/h6><ul><li dir=\"auto\"><strong>FECHA DE APERTURA:<\/strong> Miercoles 12 de mayo a las 10:00hs.<\/li><li dir=\"auto\"><strong>LUGAR DE APERTURA:<\/strong> Sal\u00f3n principal del Prado Espa\u00f1ol.<\/li><\/ul>\t\t\n\t\t\t<a href=\"http:\/\/localhost\/wordpress\/wp-content\/uploads\/2021\/05\/PLIEGO-LICITACION-03-2021.pdf\" target=\"_blank\" role=\"button\" rel=\"noopener\">\n\t\t\t\t\t\tDescargar Documentaci\u00f3n\n\t\t\t\t\t<\/a>\n\t\t\t<h2>Licitaci\u00f3n P\u00fablica 01\/2021<\/h2>\t\t\n\t\t<h6>RED CLOACAL BARRIO LOS ZORZALES<\/h6><ul><li dir=\"auto\"><strong>FECHA DE APERTURA:<\/strong> Martes 23 de febrero de 2021 a las 11:00hs.<\/li><li dir=\"auto\"><strong>LUGAR DE APERTURA:<\/strong> Sal\u00f3n principal del Prado Espa\u00f1ol.<\/li><\/ul>\t\t\n\t\t\t<a href=\"http:\/\/localhost\/wordpress\/licitacion-publica-01-2021-documentacion\/\" target=\"_blank\" role=\"button\" rel=\"noopener\">\n\t\t\t\t\t\tDescargar Documentaci\u00f3n\n\t\t\t\t\t<\/a>\n\t\t\t<h6>M\u00e1s<\/h6>\t\t\n\t\t\t<h2>TRASPARENCIA<\/h2>\t\t\n\t\t\t\t\t<ul>\n\t\t\t\t\t\t\t<li>\n\t\t\t\t\t\t\t\t\t\t\t<a href=\"http:\/\/localhost\/wordpress\/wp-content\/uploads\/2020\/09\/001.png\">\n\t\t\t\t\t\t\t\t\t\tEjercicio 2019: Ejecuci\u00f3n Presupuestaria Clasificada por Objeto del Gasto\n\t\t\t\t\t\t\t\t\t\t\t<\/a>\n\t\t\t\t\t\t\t\t\t<\/li>\n\t\t\t\t\t\t\t\t<li>\n\t\t\t\t\t\t\t\t\t\t\t<a href=\"http:\/\/localhost\/wordpress\/wp-content\/uploads\/2020\/09\/003-1.png\">\n\t\t\t\t\t\t\t\t\t\tEjecuci\u00f3n Presupuestaria: Esquema Ahorro, Inversi\u00f3n, Financiamiento. Abril 2020 (pag.1)\n\t\t\t\t\t\t\t\t\t\t\t<\/a>\n\t\t\t\t\t\t\t\t\t<\/li>\n\t\t\t\t\t\t\t\t<li>\n\t\t\t\t\t\t\t\t\t\t\t<a href=\"http:\/\/localhost\/wordpress\/wp-content\/uploads\/2020\/09\/004.png\">\n\t\t\t\t\t\t\t\t\t\tEsquema Ahorro, Inversi\u00f3n, Financiamiento. Abril 2020 (pag.2)\n\t\t\t\t\t\t\t\t\t\t\t<\/a>\n\t\t\t\t\t\t\t\t\t<\/li>\n\t\t\t\t\t\t\t\t<li>\n\t\t\t\t\t\t\t\t\t\t\t<a href=\"http:\/\/localhost\/wordpress\/wp-content\/uploads\/2020\/09\/005.png\">\n\t\t\t\t\t\t\t\t\t\tEjecuci\u00f3n de Ingresos 2019 (pag.1)\n\t\t\t\t\t\t\t\t\t\t\t<\/a>\n\t\t\t\t\t\t\t\t\t<\/li>\n\t\t\t\t\t\t\t\t<li>\n\t\t\t\t\t\t\t\t\t\t\t<a href=\"http:\/\/localhost\/wordpress\/wp-content\/uploads\/2020\/09\/006.png\">\n\t\t\t\t\t\t\t\t\t\tEjecuci\u00f3n de Ingresos 2019 (pag.2)\n\t\t\t\t\t\t\t\t\t\t\t<\/a>\n\t\t\t\t\t\t\t\t\t<\/li>\n\t\t\t\t\t\t\t\t<li>\n\t\t\t\t\t\t\t\t\t\t\t<a href=\"http:\/\/coloniaavellaneda.gob.ar\/wordpress\/wp-content\/uploads\/2021\/09\/Ejecucion-Presupuestaria-de-Calculo-de-Recursos-y-Gastos-al-31-12-2020.pdf\">\n\t\t\t\t\t\t\t\t\t\tEjecuci\u00f3n Presupuestaria de Calculo de Recursos y Gastos al 31-12-2020\n\t\t\t\t\t\t\t\t\t\t\t<\/a>\n\t\t\t\t\t\t\t\t\t<\/li>\n\t\t\t\t\t\t\t\t<li>\n\t\t\t\t\t\t\t\t\t\t\t<a href=\"http:\/\/coloniaavellaneda.gob.ar\/wordpress\/wp-content\/uploads\/2021\/09\/Ejecucion-Presupuestaria-de-Calculo-de-Recursos-y-Gastos-al-05-03-2021.pdf\">\n\t\t\t\t\t\t\t\t\t\tEjecuci\u00f3n Presupuestaria de Calculo de Recursos y Gastos al 05-03-2021\n\t\t\t\t\t\t\t\t\t\t\t<\/a>\n\t\t\t\t\t\t\t\t\t<\/li>\n\t\t\t\t\t\t\t\t<li>\n\t\t\t\t\t\t\t\t\t\t\t<a href=\"http:\/\/coloniaavellaneda.gob.ar\/wordpress\/wp-content\/uploads\/2021\/11\/ORDENANZA-N\u00b0-19.pdf\">\n\t\t\t\t\t\t\t\t\t\tContribuci\u00f3n por mejoras - Ordenanza 019\/21\n\t\t\t\t\t\t\t\t\t\t\t<\/a>\n\t\t\t\t\t\t\t\t\t<\/li>\n\t\t\t\t\t\t\t\t<li>\n\t\t\t\t\t\t\t\t\t\t\t<a href=\"http:\/\/coloniaavellaneda.gob.ar\/wordpress\/wp-content\/uploads\/2021\/11\/ORDENANZA-N\u00b0-20.pdf\">\n\t\t\t\t\t\t\t\t\t\tContribuci\u00f3n por mejoras - Ordenanza 020\/21\n\t\t\t\t\t\t\t\t\t\t\t<\/a>\n\t\t\t\t\t\t\t\t\t<\/li>\n\t\t\t\t\t\t\t\t<li>\n\t\t\t\t\t\t\t\t\t\t\t<a href=\"http:\/\/coloniaavellaneda.gob.ar\/wordpress\/wp-content\/uploads\/2022\/02\/220217071716.pdf\">\n\t\t\t\t\t\t\t\t\t\tContribuci\u00f3n por mejoras - Ordenanza 001\/22\n\t\t\t\t\t\t\t\t\t\t\t<\/a>\n\t\t\t\t\t\t\t\t\t<\/li>\n\t\t\t\t\t\t\t\t<li>\n\t\t\t\t\t\t\t\t\t\t\t<a href=\"http:\/\/coloniaavellaneda.gob.ar\/wordpress\/wp-content\/uploads\/2022\/02\/220221121733.pdf\">\n\t\t\t\t\t\t\t\t\t\tContribuci\u00f3n por mejoras - Ordenanza 002\/22\n\t\t\t\t\t\t\t\t\t\t\t<\/a>\n\t\t\t\t\t\t\t\t\t<\/li>\n\t\t\t\t\t\t\t\t<li>\n\t\t\t\t\t\t\t\t\t\t\t<a href=\"http:\/\/coloniaavellaneda.gob.ar\/wordpress\/wp-content\/uploads\/2022\/04\/ordenanza_007_2022.pdf\">\n\t\t\t\t\t\t\t\t\t\tOrdenanza Tarifaria Municipal - Ordenanza 007\/22\n\t\t\t\t\t\t\t\t\t\t\t<\/a>\n\t\t\t\t\t\t\t\t\t<\/li>\n\t\t\t\t\t\t<\/ul>\n\t\t\t<h2>Realizanos tu consulta...<\/h2>\t\t\n\t\t[everest_form id=\"4346\"]","_et_gb_content_width":"","footnotes":""},"class_list":["post-3985","page","type-page","status-publish","hentry"],"_links":{"self":[{"href":"https:\/\/coloniaavellaneda.gob.ar\/web\/wp-json\/wp\/v2\/pages\/3985","targetHints":{"allow":["GET"]}}],"collection":[{"href":"https:\/\/coloniaavellaneda.gob.ar\/web\/wp-json\/wp\/v2\/pages"}],"about":[{"href":"https:\/\/coloniaavellaneda.gob.ar\/web\/wp-json\/wp\/v2\/types\/page"}],"author":[{"embeddable":true,"href":"https:\/\/coloniaavellaneda.gob.ar\/web\/wp-json\/wp\/v2\/users\/1"}],"replies":[{"embeddable":true,"href":"https:\/\/coloniaavellaneda.gob.ar\/web\/wp-json\/wp\/v2\/comments?post=3985"}],"version-history":[{"count":48,"href":"https:\/\/coloniaavellaneda.gob.ar\/web\/wp-json\/wp\/v2\/pages\/3985\/revisions"}],"predecessor-version":[{"id":6917,"href":"https:\/\/coloniaavellaneda.gob.ar\/web\/wp-json\/wp\/v2\/pages\/3985\/revisions\/6917"}],"wp:attachment":[{"href":"https:\/\/coloniaavellaneda.gob.ar\/web\/wp-json\/wp\/v2\/media?parent=3985"}],"curies":[{"name":"wp","href":"https:\/\/api.w.org\/{rel}","templated":true}]}}