{"id":4315,"date":"2021-09-08T19:10:26","date_gmt":"2021-09-08T19:10:26","guid":{"rendered":"http:\/\/coloniaavellaneda.gob.ar\/wordpress\/?page_id=4315"},"modified":"2025-11-25T14:33:50","modified_gmt":"2025-11-25T14:33:50","slug":"adultos-mayores","status":"publish","type":"page","link":"https:\/\/coloniaavellaneda.gob.ar\/web\/adultos-mayores\/","title":{"rendered":"Adultos Mayores"},"content":{"rendered":"<p>[et_pb_section admin_label=\u00bbsection\u00bb]<br \/>\n\t\t\t[et_pb_row admin_label=\u00bbrow\u00bb]<br \/>\n\t\t\t\t[et_pb_column type=\u00bb4_4&#8243;][et_pb_text admin_label=\u00bbText\u00bb]<\/p>\n<h1>ADULTOS MAYORES<\/h1>\n<ul>\n<li>\n<h6><strong>Atenci\u00f3n al p\u00fablico en nuestra oficina de 8 a 13 hs, a personas que requieran\u00a0<\/strong><strong>asesoramiento o presenten dudas sobre obras sociales, tr\u00e1mites <\/strong><strong>administrativos, solicitudes de sillas de ruedas, bastones<\/strong><\/h6>\n<\/li>\n<li>\n<h6><strong>Tramites en general y consultas sobre PAMI<\/strong><\/h6>\n<\/li>\n<li>\n<h6><strong>Actividades gratuitas para adultos mayores<\/strong><\/h6>\n<\/li>\n<\/ul>\n<p><strong>LUNES Y MIERCOLES de 10 a 11:30<\/strong><br \/><strong>GOLF CROQUET en el Prado Espa\u00f1ol a cargo de la Profesora Zulma Furios.<\/strong><\/p>\n<p><strong>MARTES de 11 a 12 y MIERCOLES de 16 a 17<\/strong><br \/><strong>TALLER DE ACTIVIDAD FISICA en ESPACIO (Tte. Gim\u00e9nez 2553) Colonia Avellaneda a<\/strong><br \/><strong>cargo del Kinesi\u00f3logo Mhor Martin<\/strong><\/p>\n<p><strong>TEL\u00c9FONO DEL \u00c1REA<\/strong><br \/><strong>0343 &#8211; 155086545<\/strong><br \/><strong>Adultosmayores@coloniaavellaneda.gob.ar<\/strong><\/p>\n<h5 style=\"text-align: justify;\"><strong><u>Nuestra historia<\/u><\/strong><\/h5>\n<p style=\"text-align: justify;\">Despu\u00e9s de una larga lucha, y con el objetivo de poder dar respuesta al envejecimiento poblacional de la localidad de Colonia Avellaneda, el Intendente Ariel Weiss hace posible la creaci\u00f3n del \u00e1rea de adultos mayores la cual constituye una contestaci\u00f3n a la demanda de una \u00e9poca enmarcada en un proceso hist\u00f3rico, que nos ubica frente al fen\u00f3meno de la longevidad y a un cambio de posici\u00f3n del sujeto que atraviesa por esta etapa de la vida.<\/p>\n<p style=\"text-align: justify;\">El \u00e1rea tiene como prop\u00f3sito trabajar de manera comunitaria con todos los Adultos mayores de Colonia Avellaneda. Desde esta visi\u00f3n se proponen pr\u00e1cticas de promoci\u00f3n y prevenci\u00f3n de la salud integral orientadas a una interacci\u00f3n del sujeto con su comunidad, propiciando lazos, despertando intereses, aportando saberes, incluyendo la diversidad. Estas intervenciones permiten modificar las representaciones prejuiciosas del envejecimiento asociadas al deterioro, lo cual favorece la participaci\u00f3n activa de la persona mayor y el protagonismo en la toma de decisiones.<\/p>\n<p style=\"text-align: justify;\">Por otro lado, es de suma importancia que exista un trabajo intergeneracional, articulado con distintos actores de la comunidad, sostenemos desde el \u00e1rea que los contactos personales permiten al individuo mantener su identidad social y recibir apoyo emocional, como as\u00ed tambi\u00e9n promover modelos en los cuales las dem\u00e1s generaciones puedan pensarse en su proceso de envejecimiento.<\/p>\n<p style=\"text-align: justify;\">La vejez nos involucra a TODOS, los Adultos mayores son personas que tienen derecho a envejecer, necesitan sentirse queridos, escuchados, considerados, incluidos. Como seguramente nosotros en un futuro pretendamos ser tratados de igual manera: como SUJETOS.<\/p>\n<h2>Actividades que se vienen llevando a cabo<\/h2>\n<p style=\"text-align: justify;\">El pasado s\u00e1bado 13 del corriente mes los adultos mayores, representantes de colonia avellaneda participaron de los Juegos Evita \u00a8Abuelos en Acci\u00f3n 2022\u00a8 que se desarrollaron en la localidad de Segu\u00ed, fue una jornada s\u00faper enriquecedora y la cual disfrutaron mucho, compartiendo con pares an\u00e9cdotas, fotos e incluso el almuerzo, el cual agradecemos al municipio de colonia avellaneda por la vianda.<br \/>\nSe Compiti\u00f3 en las siguientes disciplinas, golf croquet, tejo, chin chon, truco, danzas tradicionales, poes\u00eda, pintura y cuento, obteniendo en las \u00faltimas dos mencionas el primer puesto de la mano de Ramona Ber\u00f3n, nuestra participante competir\u00e1 con las mismas obras por la etapa provincial en Federaci\u00f3n los d\u00edas 21, 22 y 23 del mes de septiembre.<\/p>\n<p>\t\t\t\t\t\t\t\t\t\t\t\t<img decoding=\"async\" width=\"768\" height=\"346\" src=\"http:\/\/coloniaavellaneda.gob.ar\/wordpress\/wp-content\/uploads\/2022\/08\/WhatsApp-Image-2022-08-17-at-11.50.46-AM-768x346.jpeg\" alt=\"\" loading=\"lazy\" srcset=\"http:\/\/coloniaavellaneda.gob.ar\/wordpress\/wp-content\/uploads\/2022\/08\/WhatsApp-Image-2022-08-17-at-11.50.46-AM-768x346.jpeg 768w, http:\/\/coloniaavellaneda.gob.ar\/wordpress\/wp-content\/uploads\/2022\/08\/WhatsApp-Image-2022-08-17-at-11.50.46-AM-300x135.jpeg 300w, http:\/\/coloniaavellaneda.gob.ar\/wordpress\/wp-content\/uploads\/2022\/08\/WhatsApp-Image-2022-08-17-at-11.50.46-AM-1024x461.jpeg 1024w, http:\/\/coloniaavellaneda.gob.ar\/wordpress\/wp-content\/uploads\/2022\/08\/WhatsApp-Image-2022-08-17-at-11.50.46-AM.jpeg 1280w\" sizes=\"(max-width: 768px) 100vw, 768px\" \/><br \/>\n\t\t\t\t\t\t\t\t\t\t\t\t<img decoding=\"async\" width=\"768\" height=\"576\" src=\"http:\/\/coloniaavellaneda.gob.ar\/wordpress\/wp-content\/uploads\/2022\/08\/WhatsApp-Image-2022-08-13-at-2.00.15-PM-768x576.jpeg\" alt=\"\" loading=\"lazy\" srcset=\"http:\/\/coloniaavellaneda.gob.ar\/wordpress\/wp-content\/uploads\/2022\/08\/WhatsApp-Image-2022-08-13-at-2.00.15-PM-768x576.jpeg 768w, http:\/\/coloniaavellaneda.gob.ar\/wordpress\/wp-content\/uploads\/2022\/08\/WhatsApp-Image-2022-08-13-at-2.00.15-PM-300x225.jpeg 300w, http:\/\/coloniaavellaneda.gob.ar\/wordpress\/wp-content\/uploads\/2022\/08\/WhatsApp-Image-2022-08-13-at-2.00.15-PM-1024x768.jpeg 1024w, http:\/\/coloniaavellaneda.gob.ar\/wordpress\/wp-content\/uploads\/2022\/08\/WhatsApp-Image-2022-08-13-at-2.00.15-PM-1536x1152.jpeg 1536w, http:\/\/coloniaavellaneda.gob.ar\/wordpress\/wp-content\/uploads\/2022\/08\/WhatsApp-Image-2022-08-13-at-2.00.15-PM.jpeg 1600w\" sizes=\"(max-width: 768px) 100vw, 768px\" \/><br \/>\n\t\t\t\t\t\t\t\t\t\t\t\t<img decoding=\"async\" width=\"768\" height=\"576\" src=\"http:\/\/coloniaavellaneda.gob.ar\/wordpress\/wp-content\/uploads\/2022\/08\/WhatsApp-Image-2022-08-17-at-12.11.42-PM-768x576.jpeg\" alt=\"\" loading=\"lazy\" srcset=\"http:\/\/coloniaavellaneda.gob.ar\/wordpress\/wp-content\/uploads\/2022\/08\/WhatsApp-Image-2022-08-17-at-12.11.42-PM-768x576.jpeg 768w, http:\/\/coloniaavellaneda.gob.ar\/wordpress\/wp-content\/uploads\/2022\/08\/WhatsApp-Image-2022-08-17-at-12.11.42-PM-300x225.jpeg 300w, http:\/\/coloniaavellaneda.gob.ar\/wordpress\/wp-content\/uploads\/2022\/08\/WhatsApp-Image-2022-08-17-at-12.11.42-PM-1024x768.jpeg 1024w, http:\/\/coloniaavellaneda.gob.ar\/wordpress\/wp-content\/uploads\/2022\/08\/WhatsApp-Image-2022-08-17-at-12.11.42-PM.jpeg 1080w\" sizes=\"(max-width: 768px) 100vw, 768px\" \/><br \/>\n\t\t\t\t\t\t\t\t\t\t\t\t<img decoding=\"async\" width=\"768\" height=\"576\" src=\"http:\/\/coloniaavellaneda.gob.ar\/wordpress\/wp-content\/uploads\/2022\/08\/WhatsApp-Image-2022-08-17-at-12.11.34-PM-768x576.jpeg\" alt=\"\" loading=\"lazy\" srcset=\"http:\/\/coloniaavellaneda.gob.ar\/wordpress\/wp-content\/uploads\/2022\/08\/WhatsApp-Image-2022-08-17-at-12.11.34-PM-768x576.jpeg 768w, http:\/\/coloniaavellaneda.gob.ar\/wordpress\/wp-content\/uploads\/2022\/08\/WhatsApp-Image-2022-08-17-at-12.11.34-PM-300x225.jpeg 300w, http:\/\/coloniaavellaneda.gob.ar\/wordpress\/wp-content\/uploads\/2022\/08\/WhatsApp-Image-2022-08-17-at-12.11.34-PM-1024x768.jpeg 1024w, http:\/\/coloniaavellaneda.gob.ar\/wordpress\/wp-content\/uploads\/2022\/08\/WhatsApp-Image-2022-08-17-at-12.11.34-PM.jpeg 1080w\" sizes=\"(max-width: 768px) 100vw, 768px\" \/><br \/>\n\t\t\t\t\t\t\t\t\t\t\t\t<img decoding=\"async\" width=\"768\" height=\"576\" src=\"http:\/\/coloniaavellaneda.gob.ar\/wordpress\/wp-content\/uploads\/2022\/08\/WhatsApp-Image-2022-08-17-at-12.11.25-PM-768x576.jpeg\" alt=\"\" loading=\"lazy\" srcset=\"http:\/\/coloniaavellaneda.gob.ar\/wordpress\/wp-content\/uploads\/2022\/08\/WhatsApp-Image-2022-08-17-at-12.11.25-PM-768x576.jpeg 768w, http:\/\/coloniaavellaneda.gob.ar\/wordpress\/wp-content\/uploads\/2022\/08\/WhatsApp-Image-2022-08-17-at-12.11.25-PM-300x225.jpeg 300w, http:\/\/coloniaavellaneda.gob.ar\/wordpress\/wp-content\/uploads\/2022\/08\/WhatsApp-Image-2022-08-17-at-12.11.25-PM-1024x768.jpeg 1024w, http:\/\/coloniaavellaneda.gob.ar\/wordpress\/wp-content\/uploads\/2022\/08\/WhatsApp-Image-2022-08-17-at-12.11.25-PM.jpeg 1080w\" sizes=\"(max-width: 768px) 100vw, 768px\" \/><br \/>\n\t\t\t\t\t\t\t\t\t\t\t\t<img decoding=\"async\" width=\"768\" height=\"576\" src=\"http:\/\/coloniaavellaneda.gob.ar\/wordpress\/wp-content\/uploads\/2022\/08\/WhatsApp-Image-2022-08-17-at-12.11.15-PM-768x576.jpeg\" alt=\"\" loading=\"lazy\" srcset=\"http:\/\/coloniaavellaneda.gob.ar\/wordpress\/wp-content\/uploads\/2022\/08\/WhatsApp-Image-2022-08-17-at-12.11.15-PM-768x576.jpeg 768w, http:\/\/coloniaavellaneda.gob.ar\/wordpress\/wp-content\/uploads\/2022\/08\/WhatsApp-Image-2022-08-17-at-12.11.15-PM-300x225.jpeg 300w, http:\/\/coloniaavellaneda.gob.ar\/wordpress\/wp-content\/uploads\/2022\/08\/WhatsApp-Image-2022-08-17-at-12.11.15-PM-1024x768.jpeg 1024w, http:\/\/coloniaavellaneda.gob.ar\/wordpress\/wp-content\/uploads\/2022\/08\/WhatsApp-Image-2022-08-17-at-12.11.15-PM.jpeg 1080w\" sizes=\"(max-width: 768px) 100vw, 768px\" \/><br \/>\n\t\t\t\t\t\t\t\t\t\t\t\t<img decoding=\"async\" width=\"768\" height=\"576\" src=\"http:\/\/coloniaavellaneda.gob.ar\/wordpress\/wp-content\/uploads\/2022\/08\/WhatsApp-Image-2022-08-17-at-12.11.05-PM-768x576.jpeg\" alt=\"\" loading=\"lazy\" srcset=\"http:\/\/coloniaavellaneda.gob.ar\/wordpress\/wp-content\/uploads\/2022\/08\/WhatsApp-Image-2022-08-17-at-12.11.05-PM-768x576.jpeg 768w, http:\/\/coloniaavellaneda.gob.ar\/wordpress\/wp-content\/uploads\/2022\/08\/WhatsApp-Image-2022-08-17-at-12.11.05-PM-300x225.jpeg 300w, http:\/\/coloniaavellaneda.gob.ar\/wordpress\/wp-content\/uploads\/2022\/08\/WhatsApp-Image-2022-08-17-at-12.11.05-PM.jpeg 960w\" sizes=\"(max-width: 768px) 100vw, 768px\" \/><br \/>\n\t\t\t\t\t\t\t\t\t\t\t\t<img decoding=\"async\" width=\"768\" height=\"576\" src=\"http:\/\/coloniaavellaneda.gob.ar\/wordpress\/wp-content\/uploads\/2022\/08\/WhatsApp-Image-2022-08-17-at-12.10.53-PM-768x576.jpeg\" alt=\"\" loading=\"lazy\" srcset=\"http:\/\/coloniaavellaneda.gob.ar\/wordpress\/wp-content\/uploads\/2022\/08\/WhatsApp-Image-2022-08-17-at-12.10.53-PM-768x576.jpeg 768w, http:\/\/coloniaavellaneda.gob.ar\/wordpress\/wp-content\/uploads\/2022\/08\/WhatsApp-Image-2022-08-17-at-12.10.53-PM-300x225.jpeg 300w, http:\/\/coloniaavellaneda.gob.ar\/wordpress\/wp-content\/uploads\/2022\/08\/WhatsApp-Image-2022-08-17-at-12.10.53-PM-1024x768.jpeg 1024w, http:\/\/coloniaavellaneda.gob.ar\/wordpress\/wp-content\/uploads\/2022\/08\/WhatsApp-Image-2022-08-17-at-12.10.53-PM.jpeg 1080w\" sizes=\"(max-width: 768px) 100vw, 768px\" \/><br \/>\n\t\t\t\t\t\t\t\t\t\t\t\t<img decoding=\"async\" width=\"768\" height=\"576\" src=\"http:\/\/coloniaavellaneda.gob.ar\/wordpress\/wp-content\/uploads\/2022\/08\/WhatsApp-Image-2022-08-17-at-12.10.42-PM-768x576.jpeg\" alt=\"\" loading=\"lazy\" srcset=\"http:\/\/coloniaavellaneda.gob.ar\/wordpress\/wp-content\/uploads\/2022\/08\/WhatsApp-Image-2022-08-17-at-12.10.42-PM-768x576.jpeg 768w, http:\/\/coloniaavellaneda.gob.ar\/wordpress\/wp-content\/uploads\/2022\/08\/WhatsApp-Image-2022-08-17-at-12.10.42-PM-300x225.jpeg 300w, http:\/\/coloniaavellaneda.gob.ar\/wordpress\/wp-content\/uploads\/2022\/08\/WhatsApp-Image-2022-08-17-at-12.10.42-PM-1024x768.jpeg 1024w, http:\/\/coloniaavellaneda.gob.ar\/wordpress\/wp-content\/uploads\/2022\/08\/WhatsApp-Image-2022-08-17-at-12.10.42-PM.jpeg 1080w\" sizes=\"(max-width: 768px) 100vw, 768px\" \/><br \/>\n\t\t\t\t\t\t\t\t\t\t\t\t<img decoding=\"async\" width=\"768\" height=\"1244\" src=\"http:\/\/coloniaavellaneda.gob.ar\/wordpress\/wp-content\/uploads\/2022\/08\/WhatsApp-Image-2022-08-17-at-11.50.49-AM-768x1244.jpeg\" alt=\"\" loading=\"lazy\" srcset=\"http:\/\/coloniaavellaneda.gob.ar\/wordpress\/wp-content\/uploads\/2022\/08\/WhatsApp-Image-2022-08-17-at-11.50.49-AM-768x1244.jpeg 768w, http:\/\/coloniaavellaneda.gob.ar\/wordpress\/wp-content\/uploads\/2022\/08\/WhatsApp-Image-2022-08-17-at-11.50.49-AM-185x300.jpeg 185w, http:\/\/coloniaavellaneda.gob.ar\/wordpress\/wp-content\/uploads\/2022\/08\/WhatsApp-Image-2022-08-17-at-11.50.49-AM-632x1024.jpeg 632w, http:\/\/coloniaavellaneda.gob.ar\/wordpress\/wp-content\/uploads\/2022\/08\/WhatsApp-Image-2022-08-17-at-11.50.49-AM.jpeg 790w\" sizes=\"(max-width: 768px) 100vw, 768px\" \/>\t\t\t\t\t\t\t\t\t\t\t\t\t\t<\/p>\n<ul>\n<li>En <u>conmemoraci\u00f3n del d\u00eda de la Ancianidad<\/u> se desarroll\u00f3 un trabajo intergeneracional articulado con las escuelas secundarias de la localidad y los adultos mayores del Club de abuelos, con la finalidad de poder realizar el mural entre todos, el cual representa los derechos de los Adultos Mayores.<\/li>\n<\/ul>\n<p>\t\t\t\t\t\t\t\t\t\t\t\t<img decoding=\"async\" width=\"800\" height=\"360\" src=\"http:\/\/coloniaavellaneda.gob.ar\/wordpress\/wp-content\/uploads\/2022\/08\/1-1024x461.jpg\" alt=\"\" loading=\"lazy\" srcset=\"http:\/\/coloniaavellaneda.gob.ar\/wordpress\/wp-content\/uploads\/2022\/08\/1-1024x461.jpg 1024w, http:\/\/coloniaavellaneda.gob.ar\/wordpress\/wp-content\/uploads\/2022\/08\/1-300x135.jpg 300w, http:\/\/coloniaavellaneda.gob.ar\/wordpress\/wp-content\/uploads\/2022\/08\/1-768x346.jpg 768w, http:\/\/coloniaavellaneda.gob.ar\/wordpress\/wp-content\/uploads\/2022\/08\/1-1536x691.jpg 1536w, http:\/\/coloniaavellaneda.gob.ar\/wordpress\/wp-content\/uploads\/2022\/08\/1.jpg 1600w\" sizes=\"(max-width: 800px) 100vw, 800px\" \/><br \/>\n\t\t\t\t\t\t\t\t\t\t\t\t<img decoding=\"async\" width=\"461\" height=\"1024\" src=\"http:\/\/coloniaavellaneda.gob.ar\/wordpress\/wp-content\/uploads\/2022\/08\/2-461x1024.jpg\" alt=\"\" loading=\"lazy\" srcset=\"http:\/\/coloniaavellaneda.gob.ar\/wordpress\/wp-content\/uploads\/2022\/08\/2-461x1024.jpg 461w, http:\/\/coloniaavellaneda.gob.ar\/wordpress\/wp-content\/uploads\/2022\/08\/2-135x300.jpg 135w, http:\/\/coloniaavellaneda.gob.ar\/wordpress\/wp-content\/uploads\/2022\/08\/2-691x1536.jpg 691w, http:\/\/coloniaavellaneda.gob.ar\/wordpress\/wp-content\/uploads\/2022\/08\/2.jpg 720w\" sizes=\"(max-width: 461px) 100vw, 461px\" \/><br \/>\n\t\t\t\t\t\t\t\t\t\t\t\t<img decoding=\"async\" width=\"461\" height=\"1024\" src=\"http:\/\/coloniaavellaneda.gob.ar\/wordpress\/wp-content\/uploads\/2022\/08\/3-461x1024.jpg\" alt=\"\" loading=\"lazy\" srcset=\"http:\/\/coloniaavellaneda.gob.ar\/wordpress\/wp-content\/uploads\/2022\/08\/3-461x1024.jpg 461w, http:\/\/coloniaavellaneda.gob.ar\/wordpress\/wp-content\/uploads\/2022\/08\/3-135x300.jpg 135w, http:\/\/coloniaavellaneda.gob.ar\/wordpress\/wp-content\/uploads\/2022\/08\/3-691x1536.jpg 691w, http:\/\/coloniaavellaneda.gob.ar\/wordpress\/wp-content\/uploads\/2022\/08\/3.jpg 720w\" sizes=\"(max-width: 461px) 100vw, 461px\" \/><br \/>\n\t\t\t\t\t\t\t\t\t\t\t\t<img decoding=\"async\" width=\"800\" height=\"360\" src=\"http:\/\/coloniaavellaneda.gob.ar\/wordpress\/wp-content\/uploads\/2022\/08\/5-1024x461.jpg\" alt=\"\" loading=\"lazy\" srcset=\"http:\/\/coloniaavellaneda.gob.ar\/wordpress\/wp-content\/uploads\/2022\/08\/5-1024x461.jpg 1024w, http:\/\/coloniaavellaneda.gob.ar\/wordpress\/wp-content\/uploads\/2022\/08\/5-300x135.jpg 300w, http:\/\/coloniaavellaneda.gob.ar\/wordpress\/wp-content\/uploads\/2022\/08\/5-768x346.jpg 768w, http:\/\/coloniaavellaneda.gob.ar\/wordpress\/wp-content\/uploads\/2022\/08\/5-1536x691.jpg 1536w, http:\/\/coloniaavellaneda.gob.ar\/wordpress\/wp-content\/uploads\/2022\/08\/5.jpg 1600w\" sizes=\"(max-width: 800px) 100vw, 800px\" \/><br \/>\n\t\t\t\t\t\t\t\t\t\t\t\t<img decoding=\"async\" width=\"461\" height=\"1024\" src=\"http:\/\/coloniaavellaneda.gob.ar\/wordpress\/wp-content\/uploads\/2022\/08\/6-461x1024.jpg\" alt=\"\" loading=\"lazy\" srcset=\"http:\/\/coloniaavellaneda.gob.ar\/wordpress\/wp-content\/uploads\/2022\/08\/6-461x1024.jpg 461w, http:\/\/coloniaavellaneda.gob.ar\/wordpress\/wp-content\/uploads\/2022\/08\/6-135x300.jpg 135w, http:\/\/coloniaavellaneda.gob.ar\/wordpress\/wp-content\/uploads\/2022\/08\/6-691x1536.jpg 691w, http:\/\/coloniaavellaneda.gob.ar\/wordpress\/wp-content\/uploads\/2022\/08\/6.jpg 720w\" sizes=\"(max-width: 461px) 100vw, 461px\" \/><br \/>\n\t\t\t\t\t\t\t\t\t\t\t\t<img decoding=\"async\" width=\"461\" height=\"1024\" src=\"http:\/\/coloniaavellaneda.gob.ar\/wordpress\/wp-content\/uploads\/2022\/08\/7-461x1024.jpg\" alt=\"\" loading=\"lazy\" srcset=\"http:\/\/coloniaavellaneda.gob.ar\/wordpress\/wp-content\/uploads\/2022\/08\/7-461x1024.jpg 461w, http:\/\/coloniaavellaneda.gob.ar\/wordpress\/wp-content\/uploads\/2022\/08\/7-135x300.jpg 135w, http:\/\/coloniaavellaneda.gob.ar\/wordpress\/wp-content\/uploads\/2022\/08\/7-691x1536.jpg 691w, http:\/\/coloniaavellaneda.gob.ar\/wordpress\/wp-content\/uploads\/2022\/08\/7.jpg 720w\" sizes=\"(max-width: 461px) 100vw, 461px\" \/><br \/>\n\t\t\t\t\t\t\t\t\t\t\t\t<img decoding=\"async\" width=\"800\" height=\"360\" src=\"http:\/\/coloniaavellaneda.gob.ar\/wordpress\/wp-content\/uploads\/2022\/08\/8-1024x461.jpg\" alt=\"\" loading=\"lazy\" srcset=\"http:\/\/coloniaavellaneda.gob.ar\/wordpress\/wp-content\/uploads\/2022\/08\/8-1024x461.jpg 1024w, http:\/\/coloniaavellaneda.gob.ar\/wordpress\/wp-content\/uploads\/2022\/08\/8-300x135.jpg 300w, http:\/\/coloniaavellaneda.gob.ar\/wordpress\/wp-content\/uploads\/2022\/08\/8-768x346.jpg 768w, http:\/\/coloniaavellaneda.gob.ar\/wordpress\/wp-content\/uploads\/2022\/08\/8-1536x691.jpg 1536w, http:\/\/coloniaavellaneda.gob.ar\/wordpress\/wp-content\/uploads\/2022\/08\/8.jpg 1600w\" sizes=\"(max-width: 800px) 100vw, 800px\" \/><br \/>\n\t\t\t\t\t\t\t\t\t\t\t\t<img decoding=\"async\" width=\"800\" height=\"360\" src=\"http:\/\/coloniaavellaneda.gob.ar\/wordpress\/wp-content\/uploads\/2022\/08\/9-1024x461.jpg\" alt=\"\" loading=\"lazy\" srcset=\"http:\/\/coloniaavellaneda.gob.ar\/wordpress\/wp-content\/uploads\/2022\/08\/9-1024x461.jpg 1024w, http:\/\/coloniaavellaneda.gob.ar\/wordpress\/wp-content\/uploads\/2022\/08\/9-300x135.jpg 300w, http:\/\/coloniaavellaneda.gob.ar\/wordpress\/wp-content\/uploads\/2022\/08\/9-768x346.jpg 768w, http:\/\/coloniaavellaneda.gob.ar\/wordpress\/wp-content\/uploads\/2022\/08\/9-1536x691.jpg 1536w, http:\/\/coloniaavellaneda.gob.ar\/wordpress\/wp-content\/uploads\/2022\/08\/9.jpg 1600w\" sizes=\"(max-width: 800px) 100vw, 800px\" \/>\t\t\t\t\t\t\t\t\t\t\t\t\t\t<\/p>\n<ul>\n<li>Se gestion\u00f3 con DINAPAM (direcci\u00f3n Nacional de Pol\u00edticas para Adultos Mayores)<u> El programa <\/u><u>Bien Activos<\/u>, el cual tiene como objetivo Favorecer un estilo de vida activo y saludable a trav\u00e9s de la promoci\u00f3n de la actividad f\u00edsica y recreativa como as\u00ed tambi\u00e9n la promoci\u00f3n de la alimentaci\u00f3n saludable en la poblaci\u00f3n de personas mayores, con un abordaje integral y de educaci\u00f3n a lo largo de la vida.<\/li>\n<\/ul>\n<p>\u00a0<\/p>\n<p>\t\t\t\t\t\t\t\t\t\t\t\t<img decoding=\"async\" width=\"800\" height=\"473\" src=\"http:\/\/coloniaavellaneda.gob.ar\/wordpress\/wp-content\/uploads\/2022\/08\/10.jpg\" alt=\"\" loading=\"lazy\" srcset=\"http:\/\/coloniaavellaneda.gob.ar\/wordpress\/wp-content\/uploads\/2022\/08\/10.jpg 1002w, http:\/\/coloniaavellaneda.gob.ar\/wordpress\/wp-content\/uploads\/2022\/08\/10-300x177.jpg 300w, http:\/\/coloniaavellaneda.gob.ar\/wordpress\/wp-content\/uploads\/2022\/08\/10-768x454.jpg 768w\" sizes=\"(max-width: 800px) 100vw, 800px\" \/><br \/>\n\t\t\t\t\t\t\t\t\t\t\t\t<img decoding=\"async\" width=\"768\" height=\"1024\" src=\"http:\/\/coloniaavellaneda.gob.ar\/wordpress\/wp-content\/uploads\/2022\/08\/11-768x1024.jpg\" alt=\"\" loading=\"lazy\" srcset=\"http:\/\/coloniaavellaneda.gob.ar\/wordpress\/wp-content\/uploads\/2022\/08\/11-768x1024.jpg 768w, http:\/\/coloniaavellaneda.gob.ar\/wordpress\/wp-content\/uploads\/2022\/08\/11-225x300.jpg 225w, http:\/\/coloniaavellaneda.gob.ar\/wordpress\/wp-content\/uploads\/2022\/08\/11-1152x1536.jpg 1152w, http:\/\/coloniaavellaneda.gob.ar\/wordpress\/wp-content\/uploads\/2022\/08\/11.jpg 1200w\" sizes=\"(max-width: 768px) 100vw, 768px\" \/><br \/>\n\t\t\t\t\t\t\t\t\t\t\t\t<img decoding=\"async\" width=\"768\" height=\"1024\" src=\"http:\/\/coloniaavellaneda.gob.ar\/wordpress\/wp-content\/uploads\/2022\/08\/12-768x1024.jpg\" alt=\"\" loading=\"lazy\" srcset=\"http:\/\/coloniaavellaneda.gob.ar\/wordpress\/wp-content\/uploads\/2022\/08\/12-768x1024.jpg 768w, http:\/\/coloniaavellaneda.gob.ar\/wordpress\/wp-content\/uploads\/2022\/08\/12-225x300.jpg 225w, http:\/\/coloniaavellaneda.gob.ar\/wordpress\/wp-content\/uploads\/2022\/08\/12-1152x1536.jpg 1152w, http:\/\/coloniaavellaneda.gob.ar\/wordpress\/wp-content\/uploads\/2022\/08\/12.jpg 1200w\" sizes=\"(max-width: 768px) 100vw, 768px\" \/>\t\t\t\t\t\t\t\t\t\t\t\t\t\t<\/p>\n<ul>\n<li>A partir de dar respuestas a las problem\u00e1ticas que atraviesan los Adultos Mayores, y entiendo la complejidad que lleva atender los sistemas de salud de este grupo etario, se implement\u00f3 la <u>atenci\u00f3n de PAMI<\/u> en las oficinas del municipio. El objetivo es poder atender de manera personalizada y cerca del domicilio de las personas mayores todas las consultas y tr\u00e1mites relacionados a su obra social y de esta manera evitar los traslados hasta Paran\u00e1, contemplando que no todas las personas tienen las posibilidades o accesibilidades para realizar estas gestiones en otra localidad.<\/li>\n<\/ul>\n<p>\u00a0<\/p>\n<p>\u00a0<\/p>\n<p>\u00a0<\/p>\n<p>\u00a0<\/p>\n<p>\u00a0<\/p>\n<ul>\n<li>Bajo la premisa y el objetivo de incorporar a los Adultos Mayores a distintos espacios de la comunidad y en continua interacci\u00f3n con otros, es que se realiz\u00f3 en el Prado Espa\u00f1ol la <u>Colonia De Vacaciones para Personas Mayores.<\/u> La propuesta viene enmarcada a trav\u00e9s de los principios de promover la actividad f\u00edsica y recreativa, fomentando el lazo social con pares y mejorando la calidad de vida de todos los Adultos mayores.<\/li>\n<\/ul>\n<p>\u00a0<\/p>\n<p>\u00a0<\/p>\n<p>\u00a0<\/p>\n<p>\u00a0<\/p>\n<ul>\n<li>Se desarroll\u00f3 en la localidad el <u>Programa Provincial Personas Mayores en movimiento,<\/u> dicho programa propuso a trav\u00e9s de la actividad f\u00edsica y la estimulaci\u00f3n cognitiva un espacio de entretenimiento y promoci\u00f3n del lazo social. Las actividades estaban centradas en rememorar los juego y entretenimientos que los adultos mayores sol\u00edan realizar en sus \u00e9pocas de juventud, de esta manera los conectaba con sus experiencias de placer reconstruyendo la continuidad identitaria de los mismos.<\/li>\n<\/ul>\n<p>\t\t\t\t\t\t\t\t\t\t\t\t<img decoding=\"async\" width=\"719\" height=\"1600\" src=\"http:\/\/coloniaavellaneda.gob.ar\/wordpress\/wp-content\/uploads\/2022\/08\/13.jpg\" alt=\"\" loading=\"lazy\" srcset=\"http:\/\/coloniaavellaneda.gob.ar\/wordpress\/wp-content\/uploads\/2022\/08\/13.jpg 719w, http:\/\/coloniaavellaneda.gob.ar\/wordpress\/wp-content\/uploads\/2022\/08\/13-135x300.jpg 135w, http:\/\/coloniaavellaneda.gob.ar\/wordpress\/wp-content\/uploads\/2022\/08\/13-460x1024.jpg 460w, http:\/\/coloniaavellaneda.gob.ar\/wordpress\/wp-content\/uploads\/2022\/08\/13-690x1536.jpg 690w\" sizes=\"(max-width: 719px) 100vw, 719px\" \/><br \/>\n\t\t\t\t\t\t\t\t\t\t\t\t<img decoding=\"async\" width=\"768\" height=\"345\" src=\"http:\/\/coloniaavellaneda.gob.ar\/wordpress\/wp-content\/uploads\/2022\/08\/14-768x345.jpg\" alt=\"\" loading=\"lazy\" srcset=\"http:\/\/coloniaavellaneda.gob.ar\/wordpress\/wp-content\/uploads\/2022\/08\/14-768x345.jpg 768w, http:\/\/coloniaavellaneda.gob.ar\/wordpress\/wp-content\/uploads\/2022\/08\/14-300x135.jpg 300w, http:\/\/coloniaavellaneda.gob.ar\/wordpress\/wp-content\/uploads\/2022\/08\/14-1024x460.jpg 1024w, http:\/\/coloniaavellaneda.gob.ar\/wordpress\/wp-content\/uploads\/2022\/08\/14-1536x690.jpg 1536w, http:\/\/coloniaavellaneda.gob.ar\/wordpress\/wp-content\/uploads\/2022\/08\/14.jpg 1600w\" sizes=\"(max-width: 768px) 100vw, 768px\" \/><br \/>\n\t\t\t\t\t\t\t\t\t\t\t\t<img decoding=\"async\" width=\"768\" height=\"427\" src=\"http:\/\/coloniaavellaneda.gob.ar\/wordpress\/wp-content\/uploads\/2022\/08\/15-768x427.jpg\" alt=\"\" loading=\"lazy\" srcset=\"http:\/\/coloniaavellaneda.gob.ar\/wordpress\/wp-content\/uploads\/2022\/08\/15-768x427.jpg 768w, http:\/\/coloniaavellaneda.gob.ar\/wordpress\/wp-content\/uploads\/2022\/08\/15-300x167.jpg 300w, http:\/\/coloniaavellaneda.gob.ar\/wordpress\/wp-content\/uploads\/2022\/08\/15-1024x569.jpg 1024w, http:\/\/coloniaavellaneda.gob.ar\/wordpress\/wp-content\/uploads\/2022\/08\/15-1536x853.jpg 1536w, http:\/\/coloniaavellaneda.gob.ar\/wordpress\/wp-content\/uploads\/2022\/08\/15-800x445.jpg 800w, http:\/\/coloniaavellaneda.gob.ar\/wordpress\/wp-content\/uploads\/2022\/08\/15.jpg 1600w\" sizes=\"(max-width: 768px) 100vw, 768px\" \/><br \/>\n\t\t\t\t\t\t\t\t\t\t\t\t<img decoding=\"async\" width=\"768\" height=\"345\" src=\"http:\/\/coloniaavellaneda.gob.ar\/wordpress\/wp-content\/uploads\/2022\/08\/16-768x345.jpg\" alt=\"\" loading=\"lazy\" srcset=\"http:\/\/coloniaavellaneda.gob.ar\/wordpress\/wp-content\/uploads\/2022\/08\/16-768x345.jpg 768w, http:\/\/coloniaavellaneda.gob.ar\/wordpress\/wp-content\/uploads\/2022\/08\/16-300x135.jpg 300w, http:\/\/coloniaavellaneda.gob.ar\/wordpress\/wp-content\/uploads\/2022\/08\/16-1024x460.jpg 1024w, http:\/\/coloniaavellaneda.gob.ar\/wordpress\/wp-content\/uploads\/2022\/08\/16-1536x690.jpg 1536w, http:\/\/coloniaavellaneda.gob.ar\/wordpress\/wp-content\/uploads\/2022\/08\/16.jpg 1600w\" sizes=\"(max-width: 768px) 100vw, 768px\" \/><br \/>\n\t\t\t\t\t\t\t\t\t\t\t\t<img decoding=\"async\" width=\"768\" height=\"389\" src=\"http:\/\/coloniaavellaneda.gob.ar\/wordpress\/wp-content\/uploads\/2022\/08\/17-768x389.jpg\" alt=\"\" loading=\"lazy\" srcset=\"http:\/\/coloniaavellaneda.gob.ar\/wordpress\/wp-content\/uploads\/2022\/08\/17-768x389.jpg 768w, http:\/\/coloniaavellaneda.gob.ar\/wordpress\/wp-content\/uploads\/2022\/08\/17-300x152.jpg 300w, http:\/\/coloniaavellaneda.gob.ar\/wordpress\/wp-content\/uploads\/2022\/08\/17-1024x519.jpg 1024w, http:\/\/coloniaavellaneda.gob.ar\/wordpress\/wp-content\/uploads\/2022\/08\/17-1536x779.jpg 1536w, http:\/\/coloniaavellaneda.gob.ar\/wordpress\/wp-content\/uploads\/2022\/08\/17.jpg 1600w\" sizes=\"(max-width: 768px) 100vw, 768px\" \/>\t\t\t\t\t\t\t\t\t\t\t\t\t\t<\/p>\n<ul>\n<li><u>Impulso a la participaci\u00f3n de los Juegos Evita.<\/u><\/li>\n<\/ul>\n<p>Impulsando el trabajo articulado desde el \u00e1rea de Deportes y el \u00e1rea de Adultos Mayores, por primera vez el municipio de colonia avellaneda participa de los juegos Nacionales evita 2022. Orgullosos de poder ser parte de estos espacios de participaci\u00f3n y promoci\u00f3n de la actividad f\u00edsica, como as\u00ed tambi\u00e9n el juego en equipo y estrategia de nuestras Personas Mayores.<\/p>\n<p>Fortalecemos e incentivamos desde nuestras pol\u00edticas p\u00fablicas todo este tipo de actividades que est\u00e9n centradas en mejorar la calidad de vida de este grupo etario.<\/p>\n<p>\t\t\t\t\t\t\t\t\t\t\t\t<img decoding=\"async\" width=\"512\" height=\"640\" src=\"http:\/\/coloniaavellaneda.gob.ar\/wordpress\/wp-content\/uploads\/2021\/10\/dia-del-adulto-mayor.jpg\" alt=\"\" loading=\"lazy\" srcset=\"http:\/\/coloniaavellaneda.gob.ar\/wordpress\/wp-content\/uploads\/2021\/10\/dia-del-adulto-mayor.jpg 512w, http:\/\/coloniaavellaneda.gob.ar\/wordpress\/wp-content\/uploads\/2021\/10\/dia-del-adulto-mayor-240x300.jpg 240w\" sizes=\"(max-width: 512px) 100vw, 512px\" \/>\t\t\t\t\t\t\t\t\t\t\t\t\t\t<\/p>\n<h4>\n\t\t\t\t\u00daltimas Noticias Relacionadas<br \/>\n\t\t\t<\/h4>\n<p>\t\t<!-- tg-module-title-wrap --><\/p>\n<figure>\n\t\t\t\t\t\t\t\t\t\t\t<a href=\"http:\/\/coloniaavellaneda.gob.ar\/wordpress\/jornada-provincial-cultural-de-las-personas-de-edad\/\"><br \/>\n\t\t\t<img decoding=\"async\" width=\"392\" height=\"272\" src=\"http:\/\/coloniaavellaneda.gob.ar\/wordpress\/wp-content\/uploads\/2021\/10\/243493799_4461047833954021_2956682117125009306_n-392x272.jpg\" alt=\"\" loading=\"lazy\" srcset=\"http:\/\/coloniaavellaneda.gob.ar\/wordpress\/wp-content\/uploads\/2021\/10\/243493799_4461047833954021_2956682117125009306_n-392x272.jpg 392w, http:\/\/coloniaavellaneda.gob.ar\/wordpress\/wp-content\/uploads\/2021\/10\/243493799_4461047833954021_2956682117125009306_n-130x90.jpg 130w, http:\/\/coloniaavellaneda.gob.ar\/wordpress\/wp-content\/uploads\/2021\/10\/243493799_4461047833954021_2956682117125009306_n-600x417.jpg 600w\" sizes=\"(max-width: 392px) 100vw, 392px\" \/>\t\t<\/a><br \/>\n\t\t<a href=\"http:\/\/coloniaavellaneda.gob.ar\/wordpress\/category\/adultos-mayores\/\" rel=\"category tag\">Adultos Mayores<\/a>&nbsp;\t\t\t\t\t\t\t\t<\/figure>\n<h3>\n\t\t\t<a href=\"http:\/\/coloniaavellaneda.gob.ar\/wordpress\/jornada-provincial-cultural-de-las-personas-de-edad\/\">JORNADA PROVINCIAL CULTURAL DE LAS PERSONAS DE EDAD<\/a><br \/>\n\t\t<\/h3>\n<p>\t\t\t\t<a href=\"http:\/\/coloniaavellaneda.gob.ar\/wordpress\/jornada-provincial-cultural-de-las-personas-de-edad\/\" rel=\"bookmark\"><time datetime=\"2021-10-12T13:27:56+00:00\">12 de octubre de 2021<\/time><time datetime=\"2021-10-12T13:28:30+00:00\">12 de octubre de 2021<\/time><\/a><br \/>\n\t\t\t\t<a href=\"http:\/\/coloniaavellaneda.gob.ar\/wordpress\/author\/imca\/\">IMCA<\/a><br \/>\n\t\t\t\t\t<a href=\"http:\/\/coloniaavellaneda.gob.ar\/wordpress\/jornada-provincial-cultural-de-las-personas-de-edad\/#respond\">0<\/a>\t\t\t\t<\/p>\n<p>En conmemoracion del dia Internacional del Adulto mayor desde el \u00e1rea de Adultos Mayores, y acompa\u00f1ados por club de abuelos<\/p>\n<figure>\n\t\t\t\t\t\t\t\t\t\t\t<a href=\"http:\/\/coloniaavellaneda.gob.ar\/wordpress\/visita-al-museo-con-el-club-de-abuelos\/\"><br \/>\n\t\t\t<img decoding=\"async\" width=\"392\" height=\"272\" src=\"http:\/\/coloniaavellaneda.gob.ar\/wordpress\/wp-content\/uploads\/2021\/09\/242766175_4414167541975384_8224752139780656536_n-392x272.jpg\" alt=\"\" loading=\"lazy\" srcset=\"http:\/\/coloniaavellaneda.gob.ar\/wordpress\/wp-content\/uploads\/2021\/09\/242766175_4414167541975384_8224752139780656536_n-392x272.jpg 392w, http:\/\/coloniaavellaneda.gob.ar\/wordpress\/wp-content\/uploads\/2021\/09\/242766175_4414167541975384_8224752139780656536_n-130x90.jpg 130w, http:\/\/coloniaavellaneda.gob.ar\/wordpress\/wp-content\/uploads\/2021\/09\/242766175_4414167541975384_8224752139780656536_n-600x417.jpg 600w\" sizes=\"(max-width: 392px) 100vw, 392px\" \/>\t\t<\/a><br \/>\n\t\t<a href=\"http:\/\/coloniaavellaneda.gob.ar\/wordpress\/category\/adultos-mayores\/\" rel=\"category tag\">Adultos Mayores<\/a>&nbsp;\t\t\t\t\t\t\t\t<\/figure>\n<h3>\n\t\t\t<a href=\"http:\/\/coloniaavellaneda.gob.ar\/wordpress\/visita-al-museo-con-el-club-de-abuelos\/\">Visita al museo con el club de abuelos<\/a><br \/>\n\t\t<\/h3>\n<p>\t\t\t\t<a href=\"http:\/\/coloniaavellaneda.gob.ar\/wordpress\/visita-al-museo-con-el-club-de-abuelos\/\" rel=\"bookmark\"><time datetime=\"2021-09-25T12:25:27+00:00\">25 de septiembre de 2021<\/time><time datetime=\"2021-09-25T12:25:54+00:00\">25 de septiembre de 2021<\/time><\/a><br \/>\n\t\t\t\t<a href=\"http:\/\/coloniaavellaneda.gob.ar\/wordpress\/author\/imca\/\">IMCA<\/a><br \/>\n\t\t\t\t\t<a href=\"http:\/\/coloniaavellaneda.gob.ar\/wordpress\/visita-al-museo-con-el-club-de-abuelos\/#respond\">0<\/a>\t\t\t\t<\/p>\n<p>Visita al museo de Casa de Gobierno con el club de abuelos \u00abYo tengo Fe\u00bb Invitados por el \u00e1rea de<\/p>\n<figure>\n\t\t\t\t\t\t\t\t\t\t\t<a href=\"http:\/\/coloniaavellaneda.gob.ar\/wordpress\/reunion-con-pami\/\"><br \/>\n\t\t\t<img decoding=\"async\" width=\"392\" height=\"272\" src=\"http:\/\/coloniaavellaneda.gob.ar\/wordpress\/wp-content\/uploads\/2021\/09\/241366813_4359595450765927_6071314432814487835_n-392x272.jpg\" alt=\"\" loading=\"lazy\" srcset=\"http:\/\/coloniaavellaneda.gob.ar\/wordpress\/wp-content\/uploads\/2021\/09\/241366813_4359595450765927_6071314432814487835_n-392x272.jpg 392w, http:\/\/coloniaavellaneda.gob.ar\/wordpress\/wp-content\/uploads\/2021\/09\/241366813_4359595450765927_6071314432814487835_n-130x90.jpg 130w, http:\/\/coloniaavellaneda.gob.ar\/wordpress\/wp-content\/uploads\/2021\/09\/241366813_4359595450765927_6071314432814487835_n-600x417.jpg 600w\" sizes=\"(max-width: 392px) 100vw, 392px\" \/>\t\t<\/a><br \/>\n\t\t<a href=\"http:\/\/coloniaavellaneda.gob.ar\/wordpress\/category\/adultos-mayores\/\" rel=\"category tag\">Adultos Mayores<\/a>&nbsp;\t\t\t\t\t\t\t\t<\/figure>\n<h3>\n\t\t\t<a href=\"http:\/\/coloniaavellaneda.gob.ar\/wordpress\/reunion-con-pami\/\">Reuni\u00f3n con PAMI<\/a><br \/>\n\t\t<\/h3>\n<p>\t\t\t\t<a href=\"http:\/\/coloniaavellaneda.gob.ar\/wordpress\/reunion-con-pami\/\" rel=\"bookmark\"><time datetime=\"2021-09-06T17:30:54+00:00\">6 de septiembre de 2021<\/time><time datetime=\"2021-09-06T17:32:43+00:00\">6 de septiembre de 2021<\/time><\/a><br \/>\n\t\t\t\t<a href=\"http:\/\/coloniaavellaneda.gob.ar\/wordpress\/author\/imca\/\">IMCA<\/a><br \/>\n\t\t\t\t\t<a href=\"http:\/\/coloniaavellaneda.gob.ar\/wordpress\/reunion-con-pami\/#respond\">0<\/a>\t\t\t\t<\/p>\n<p>Para permitir a los afiliados a realizar tr\u00e1mites y c\u00f3nsultas sin trasladarse a otras ciudades.<\/p>\n<p>\t\t\t<a href=\"http:\/\/coloniaavellaneda.gob.ar\/wordpress\/category\/adultos-mayores\/\" role=\"button\"><br \/>\n\t\t\t\t\t\tVer m\u00e1s<br \/>\n\t\t\t\t\t<\/a><\/p>\n<h4>\n\t\t\t\tContacto<br \/>\n\t\t\t<\/h4>\n<p>\t\t<!-- tg-module-title-wrap --><br \/>\n\t\t\t\tCont\u00e1ctate con nosotros\t\t\t\t<\/p>\n<ul>\n<li>\n\t\t\t\t\t\t\t\t\t<\/li>\n<li>\n\t\t\t\t\t\t\t\t\t\tadultosmayores@coloniavellaneda.gob.ar\n\t\t\t\t\t\t\t\t\t<\/li>\n<\/ul>\n<p>\t\t\t\tEncu\u00e9ntranos<br \/>\n\t\t\t<iframe frameborder=\"0\" scrolling=\"no\" marginheight=\"0\" marginwidth=\"0\"\n\t\t\t\t\tsrc=\"https:\/\/maps.google.com\/maps?q=6HJV%2BX9%20Col.%20Avellaneda%2C%20Entre%20R%C3%ADos%2C%20Argentina&#038;t=m&#038;z=10&#038;output=embed&#038;iwloc=near\"\n\t\t\t\t\ttitle=\"6HJV+X9 Col. Avellaneda, Entre R\u00edos, Argentina\"\n\t\t\t\t\taria-label=\"6HJV+X9 Col. Avellaneda, Entre R\u00edos, Argentina\"\n\t\t\t><\/iframe><br \/>\n\t\t\t\tS\u00edguenos<br \/>\n\t\t\t\t\t<a target=\"_blank\" rel=\"noopener\"><br \/>\n\t\t\t\t\t\tInstagram<br \/>\n\t\t\t\t\t\t\t\t\t\t\t<\/a><\/p>\n<h3>Env\u00edanos un mensaje <\/h3>\n<p>Para cualquier consulta al <strong>\u00e1rea de Adultos Mayores<\/strong>, completa el siguiente formularios con tus datos.<\/p>\n<p>[everest_form id=\u00bb4698&#8243;][\/et_pb_text][\/et_pb_column]<br \/>\n\t\t\t[\/et_pb_row]<br \/>\n\t\t[\/et_pb_section]<\/p>\n","protected":false},"excerpt":{"rendered":"<p>ADULTOS MAYORES Atenci\u00f3n al p\u00fablico en nuestra oficina de 8 a 13 hs, a personas que requieran\u00a0asesoramiento o presenten dudas sobre obras sociales, tr\u00e1mites administrativos, solicitudes de sillas de ruedas, bastonesTramites en general y consultas sobre PAMIActividades gratuitas para adultos mayoresLUNES Y MIERCOLES de 10 a 11:30GOLF CROQUET en el Prado Espa\u00f1ol a cargo de [&hellip;]<\/p>\n","protected":false},"author":1,"featured_media":0,"parent":0,"menu_order":0,"comment_status":"closed","ping_status":"closed","template":"","meta":{"_et_pb_use_builder":"on","_et_pb_old_content":"<h1>ADULTOS MAYORES<\/h1>\t\t\n\t\t<ul><li><h6><strong>Atenci\u00f3n al p\u00fablico en nuestra oficina de 8 a 13 hs, a personas que requieran\u00a0<\/strong><strong>asesoramiento o presenten dudas sobre obras sociales, tr\u00e1mites <\/strong><strong>administrativos, solicitudes de sillas de ruedas, bastones<\/strong><\/h6><\/li><li><h6><strong>Tramites en general y consultas sobre PAMI<\/strong><\/h6><\/li><li><h6><strong>Actividades gratuitas para adultos mayores<\/strong><\/h6><\/li><\/ul><p><strong>LUNES Y MIERCOLES de 10 a 11:30<\/strong><br \/><strong>GOLF CROQUET en el Prado Espa\u00f1ol a cargo de la Profesora Zulma Furios.<\/strong><\/p><p><br \/><strong>MARTES de 11 a 12 y MIERCOLES de 16 a 17<\/strong><br \/><strong>TALLER DE ACTIVIDAD FISICA en ESPACIO (Tte. Gim\u00e9nez 2553) Colonia Avellaneda a<\/strong><br \/><strong>cargo del Kinesi\u00f3logo Mhor Martin<\/strong><\/p><p><strong>TEL\u00c9FONO DEL \u00c1REA<\/strong><br \/><strong>0343 - 155086545<\/strong><br \/><strong>Adultosmayores@coloniaavellaneda.gob.ar<\/strong><\/p><h5 style=\"text-align: justify;\"><strong><u>Nuestra historia<\/u><\/strong><\/h5>\n<p style=\"text-align: justify;\">Despu\u00e9s de una larga lucha, y con el objetivo de poder dar respuesta al envejecimiento poblacional de la localidad de Colonia Avellaneda, el Intendente Ariel Weiss hace posible la creaci\u00f3n del \u00e1rea de adultos mayores la cual constituye una contestaci\u00f3n a la demanda de una \u00e9poca enmarcada en un proceso hist\u00f3rico, que nos ubica frente al fen\u00f3meno de la longevidad y a un cambio de posici\u00f3n del sujeto que atraviesa por esta etapa de la vida.<\/p>\n<p style=\"text-align: justify;\">El \u00e1rea tiene como prop\u00f3sito trabajar de manera comunitaria con todos los Adultos mayores de Colonia Avellaneda. Desde esta visi\u00f3n se proponen pr\u00e1cticas de promoci\u00f3n y prevenci\u00f3n de la salud integral orientadas a una interacci\u00f3n del sujeto con su comunidad, propiciando lazos, despertando intereses, aportando saberes, incluyendo la diversidad. Estas intervenciones permiten modificar las representaciones prejuiciosas del envejecimiento asociadas al deterioro, lo cual favorece la participaci\u00f3n activa de la persona mayor y el protagonismo en la toma de decisiones.<\/p>\n<p style=\"text-align: justify;\">Por otro lado, es de suma importancia que exista un trabajo intergeneracional, articulado con distintos actores de la comunidad, sostenemos desde el \u00e1rea que los contactos personales permiten al individuo mantener su identidad social y recibir apoyo emocional, como as\u00ed tambi\u00e9n promover modelos en los cuales las dem\u00e1s generaciones puedan pensarse en su proceso de envejecimiento.<\/p>\n<p style=\"text-align: justify;\">La vejez nos involucra a TODOS, los Adultos mayores son personas que tienen derecho a envejecer, necesitan sentirse queridos, escuchados, considerados, incluidos. Como seguramente nosotros en un futuro pretendamos ser tratados de igual manera: como SUJETOS.<\/p>\t\t\n\t\t\t<h2>Actividades que se vienen llevando a cabo<\/h2>\t\t\n\t\t<p style=\"text-align: justify;\">El pasado s\u00e1bado 13 del corriente mes los adultos mayores, representantes de colonia avellaneda participaron de los Juegos Evita \u00a8Abuelos en Acci\u00f3n 2022\u00a8 que se desarrollaron en la localidad de Segu\u00ed, fue una jornada s\u00faper enriquecedora y la cual disfrutaron mucho, compartiendo con pares an\u00e9cdotas, fotos e incluso el almuerzo, el cual agradecemos al municipio de colonia avellaneda por la vianda.\nSe Compiti\u00f3 en las siguientes disciplinas, golf croquet, tejo, chin chon, truco, danzas tradicionales, poes\u00eda, pintura y cuento, obteniendo en las \u00faltimas dos mencionas el primer puesto de la mano de Ramona Ber\u00f3n, nuestra participante competir\u00e1 con las mismas obras por la etapa provincial en Federaci\u00f3n los d\u00edas 21, 22 y 23 del mes de septiembre.<\/p>\t\t\n\t\t\t\t\t\t\t\t\t\t\t\t<img width=\"768\" height=\"346\" src=\"http:\/\/coloniaavellaneda.gob.ar\/wordpress\/wp-content\/uploads\/2022\/08\/WhatsApp-Image-2022-08-17-at-11.50.46-AM-768x346.jpeg\" alt=\"\" loading=\"lazy\" srcset=\"http:\/\/coloniaavellaneda.gob.ar\/wordpress\/wp-content\/uploads\/2022\/08\/WhatsApp-Image-2022-08-17-at-11.50.46-AM-768x346.jpeg 768w, http:\/\/coloniaavellaneda.gob.ar\/wordpress\/wp-content\/uploads\/2022\/08\/WhatsApp-Image-2022-08-17-at-11.50.46-AM-300x135.jpeg 300w, http:\/\/coloniaavellaneda.gob.ar\/wordpress\/wp-content\/uploads\/2022\/08\/WhatsApp-Image-2022-08-17-at-11.50.46-AM-1024x461.jpeg 1024w, http:\/\/coloniaavellaneda.gob.ar\/wordpress\/wp-content\/uploads\/2022\/08\/WhatsApp-Image-2022-08-17-at-11.50.46-AM.jpeg 1280w\" sizes=\"(max-width: 768px) 100vw, 768px\" \/>\t\t\t\t\t\t\t\t\t\t\t\t\t\t\n\t\t\t\t\t\t\t\t\t\t\t\t<img width=\"768\" height=\"576\" src=\"http:\/\/coloniaavellaneda.gob.ar\/wordpress\/wp-content\/uploads\/2022\/08\/WhatsApp-Image-2022-08-13-at-2.00.15-PM-768x576.jpeg\" alt=\"\" loading=\"lazy\" srcset=\"http:\/\/coloniaavellaneda.gob.ar\/wordpress\/wp-content\/uploads\/2022\/08\/WhatsApp-Image-2022-08-13-at-2.00.15-PM-768x576.jpeg 768w, http:\/\/coloniaavellaneda.gob.ar\/wordpress\/wp-content\/uploads\/2022\/08\/WhatsApp-Image-2022-08-13-at-2.00.15-PM-300x225.jpeg 300w, http:\/\/coloniaavellaneda.gob.ar\/wordpress\/wp-content\/uploads\/2022\/08\/WhatsApp-Image-2022-08-13-at-2.00.15-PM-1024x768.jpeg 1024w, http:\/\/coloniaavellaneda.gob.ar\/wordpress\/wp-content\/uploads\/2022\/08\/WhatsApp-Image-2022-08-13-at-2.00.15-PM-1536x1152.jpeg 1536w, http:\/\/coloniaavellaneda.gob.ar\/wordpress\/wp-content\/uploads\/2022\/08\/WhatsApp-Image-2022-08-13-at-2.00.15-PM.jpeg 1600w\" sizes=\"(max-width: 768px) 100vw, 768px\" \/>\t\t\t\t\t\t\t\t\t\t\t\t\t\t\n\t\t\t\t\t\t\t\t\t\t\t\t<img width=\"768\" height=\"576\" src=\"http:\/\/coloniaavellaneda.gob.ar\/wordpress\/wp-content\/uploads\/2022\/08\/WhatsApp-Image-2022-08-17-at-12.11.42-PM-768x576.jpeg\" alt=\"\" loading=\"lazy\" srcset=\"http:\/\/coloniaavellaneda.gob.ar\/wordpress\/wp-content\/uploads\/2022\/08\/WhatsApp-Image-2022-08-17-at-12.11.42-PM-768x576.jpeg 768w, http:\/\/coloniaavellaneda.gob.ar\/wordpress\/wp-content\/uploads\/2022\/08\/WhatsApp-Image-2022-08-17-at-12.11.42-PM-300x225.jpeg 300w, http:\/\/coloniaavellaneda.gob.ar\/wordpress\/wp-content\/uploads\/2022\/08\/WhatsApp-Image-2022-08-17-at-12.11.42-PM-1024x768.jpeg 1024w, http:\/\/coloniaavellaneda.gob.ar\/wordpress\/wp-content\/uploads\/2022\/08\/WhatsApp-Image-2022-08-17-at-12.11.42-PM.jpeg 1080w\" sizes=\"(max-width: 768px) 100vw, 768px\" \/>\t\t\t\t\t\t\t\t\t\t\t\t\t\t\n\t\t\t\t\t\t\t\t\t\t\t\t<img width=\"768\" height=\"576\" src=\"http:\/\/coloniaavellaneda.gob.ar\/wordpress\/wp-content\/uploads\/2022\/08\/WhatsApp-Image-2022-08-17-at-12.11.34-PM-768x576.jpeg\" alt=\"\" loading=\"lazy\" srcset=\"http:\/\/coloniaavellaneda.gob.ar\/wordpress\/wp-content\/uploads\/2022\/08\/WhatsApp-Image-2022-08-17-at-12.11.34-PM-768x576.jpeg 768w, http:\/\/coloniaavellaneda.gob.ar\/wordpress\/wp-content\/uploads\/2022\/08\/WhatsApp-Image-2022-08-17-at-12.11.34-PM-300x225.jpeg 300w, http:\/\/coloniaavellaneda.gob.ar\/wordpress\/wp-content\/uploads\/2022\/08\/WhatsApp-Image-2022-08-17-at-12.11.34-PM-1024x768.jpeg 1024w, http:\/\/coloniaavellaneda.gob.ar\/wordpress\/wp-content\/uploads\/2022\/08\/WhatsApp-Image-2022-08-17-at-12.11.34-PM.jpeg 1080w\" sizes=\"(max-width: 768px) 100vw, 768px\" \/>\t\t\t\t\t\t\t\t\t\t\t\t\t\t\n\t\t\t\t\t\t\t\t\t\t\t\t<img width=\"768\" height=\"576\" src=\"http:\/\/coloniaavellaneda.gob.ar\/wordpress\/wp-content\/uploads\/2022\/08\/WhatsApp-Image-2022-08-17-at-12.11.25-PM-768x576.jpeg\" alt=\"\" loading=\"lazy\" srcset=\"http:\/\/coloniaavellaneda.gob.ar\/wordpress\/wp-content\/uploads\/2022\/08\/WhatsApp-Image-2022-08-17-at-12.11.25-PM-768x576.jpeg 768w, http:\/\/coloniaavellaneda.gob.ar\/wordpress\/wp-content\/uploads\/2022\/08\/WhatsApp-Image-2022-08-17-at-12.11.25-PM-300x225.jpeg 300w, http:\/\/coloniaavellaneda.gob.ar\/wordpress\/wp-content\/uploads\/2022\/08\/WhatsApp-Image-2022-08-17-at-12.11.25-PM-1024x768.jpeg 1024w, http:\/\/coloniaavellaneda.gob.ar\/wordpress\/wp-content\/uploads\/2022\/08\/WhatsApp-Image-2022-08-17-at-12.11.25-PM.jpeg 1080w\" sizes=\"(max-width: 768px) 100vw, 768px\" \/>\t\t\t\t\t\t\t\t\t\t\t\t\t\t\n\t\t\t\t\t\t\t\t\t\t\t\t<img width=\"768\" height=\"576\" src=\"http:\/\/coloniaavellaneda.gob.ar\/wordpress\/wp-content\/uploads\/2022\/08\/WhatsApp-Image-2022-08-17-at-12.11.15-PM-768x576.jpeg\" alt=\"\" loading=\"lazy\" srcset=\"http:\/\/coloniaavellaneda.gob.ar\/wordpress\/wp-content\/uploads\/2022\/08\/WhatsApp-Image-2022-08-17-at-12.11.15-PM-768x576.jpeg 768w, http:\/\/coloniaavellaneda.gob.ar\/wordpress\/wp-content\/uploads\/2022\/08\/WhatsApp-Image-2022-08-17-at-12.11.15-PM-300x225.jpeg 300w, http:\/\/coloniaavellaneda.gob.ar\/wordpress\/wp-content\/uploads\/2022\/08\/WhatsApp-Image-2022-08-17-at-12.11.15-PM-1024x768.jpeg 1024w, http:\/\/coloniaavellaneda.gob.ar\/wordpress\/wp-content\/uploads\/2022\/08\/WhatsApp-Image-2022-08-17-at-12.11.15-PM.jpeg 1080w\" sizes=\"(max-width: 768px) 100vw, 768px\" \/>\t\t\t\t\t\t\t\t\t\t\t\t\t\t\n\t\t\t\t\t\t\t\t\t\t\t\t<img width=\"768\" height=\"576\" src=\"http:\/\/coloniaavellaneda.gob.ar\/wordpress\/wp-content\/uploads\/2022\/08\/WhatsApp-Image-2022-08-17-at-12.11.05-PM-768x576.jpeg\" alt=\"\" loading=\"lazy\" srcset=\"http:\/\/coloniaavellaneda.gob.ar\/wordpress\/wp-content\/uploads\/2022\/08\/WhatsApp-Image-2022-08-17-at-12.11.05-PM-768x576.jpeg 768w, http:\/\/coloniaavellaneda.gob.ar\/wordpress\/wp-content\/uploads\/2022\/08\/WhatsApp-Image-2022-08-17-at-12.11.05-PM-300x225.jpeg 300w, http:\/\/coloniaavellaneda.gob.ar\/wordpress\/wp-content\/uploads\/2022\/08\/WhatsApp-Image-2022-08-17-at-12.11.05-PM.jpeg 960w\" sizes=\"(max-width: 768px) 100vw, 768px\" \/>\t\t\t\t\t\t\t\t\t\t\t\t\t\t\n\t\t\t\t\t\t\t\t\t\t\t\t<img width=\"768\" height=\"576\" src=\"http:\/\/coloniaavellaneda.gob.ar\/wordpress\/wp-content\/uploads\/2022\/08\/WhatsApp-Image-2022-08-17-at-12.10.53-PM-768x576.jpeg\" alt=\"\" loading=\"lazy\" srcset=\"http:\/\/coloniaavellaneda.gob.ar\/wordpress\/wp-content\/uploads\/2022\/08\/WhatsApp-Image-2022-08-17-at-12.10.53-PM-768x576.jpeg 768w, http:\/\/coloniaavellaneda.gob.ar\/wordpress\/wp-content\/uploads\/2022\/08\/WhatsApp-Image-2022-08-17-at-12.10.53-PM-300x225.jpeg 300w, http:\/\/coloniaavellaneda.gob.ar\/wordpress\/wp-content\/uploads\/2022\/08\/WhatsApp-Image-2022-08-17-at-12.10.53-PM-1024x768.jpeg 1024w, http:\/\/coloniaavellaneda.gob.ar\/wordpress\/wp-content\/uploads\/2022\/08\/WhatsApp-Image-2022-08-17-at-12.10.53-PM.jpeg 1080w\" sizes=\"(max-width: 768px) 100vw, 768px\" \/>\t\t\t\t\t\t\t\t\t\t\t\t\t\t\n\t\t\t\t\t\t\t\t\t\t\t\t<img width=\"768\" height=\"576\" src=\"http:\/\/coloniaavellaneda.gob.ar\/wordpress\/wp-content\/uploads\/2022\/08\/WhatsApp-Image-2022-08-17-at-12.10.42-PM-768x576.jpeg\" alt=\"\" loading=\"lazy\" srcset=\"http:\/\/coloniaavellaneda.gob.ar\/wordpress\/wp-content\/uploads\/2022\/08\/WhatsApp-Image-2022-08-17-at-12.10.42-PM-768x576.jpeg 768w, http:\/\/coloniaavellaneda.gob.ar\/wordpress\/wp-content\/uploads\/2022\/08\/WhatsApp-Image-2022-08-17-at-12.10.42-PM-300x225.jpeg 300w, http:\/\/coloniaavellaneda.gob.ar\/wordpress\/wp-content\/uploads\/2022\/08\/WhatsApp-Image-2022-08-17-at-12.10.42-PM-1024x768.jpeg 1024w, http:\/\/coloniaavellaneda.gob.ar\/wordpress\/wp-content\/uploads\/2022\/08\/WhatsApp-Image-2022-08-17-at-12.10.42-PM.jpeg 1080w\" sizes=\"(max-width: 768px) 100vw, 768px\" \/>\t\t\t\t\t\t\t\t\t\t\t\t\t\t\n\t\t\t\t\t\t\t\t\t\t\t\t<img width=\"768\" height=\"1244\" src=\"http:\/\/coloniaavellaneda.gob.ar\/wordpress\/wp-content\/uploads\/2022\/08\/WhatsApp-Image-2022-08-17-at-11.50.49-AM-768x1244.jpeg\" alt=\"\" loading=\"lazy\" srcset=\"http:\/\/coloniaavellaneda.gob.ar\/wordpress\/wp-content\/uploads\/2022\/08\/WhatsApp-Image-2022-08-17-at-11.50.49-AM-768x1244.jpeg 768w, http:\/\/coloniaavellaneda.gob.ar\/wordpress\/wp-content\/uploads\/2022\/08\/WhatsApp-Image-2022-08-17-at-11.50.49-AM-185x300.jpeg 185w, http:\/\/coloniaavellaneda.gob.ar\/wordpress\/wp-content\/uploads\/2022\/08\/WhatsApp-Image-2022-08-17-at-11.50.49-AM-632x1024.jpeg 632w, http:\/\/coloniaavellaneda.gob.ar\/wordpress\/wp-content\/uploads\/2022\/08\/WhatsApp-Image-2022-08-17-at-11.50.49-AM.jpeg 790w\" sizes=\"(max-width: 768px) 100vw, 768px\" \/>\t\t\t\t\t\t\t\t\t\t\t\t\t\t\n\t\t<ul><li>En <u>conmemoraci\u00f3n del d\u00eda de la Ancianidad<\/u> se desarroll\u00f3 un trabajo intergeneracional articulado con las escuelas secundarias de la localidad y los adultos mayores del Club de abuelos, con la finalidad de poder realizar el mural entre todos, el cual representa los derechos de los Adultos Mayores.<\/li><\/ul>\t\t\n\t\t\t\t\t\t\t\t\t\t\t\t<img width=\"800\" height=\"360\" src=\"http:\/\/coloniaavellaneda.gob.ar\/wordpress\/wp-content\/uploads\/2022\/08\/1-1024x461.jpg\" alt=\"\" loading=\"lazy\" srcset=\"http:\/\/coloniaavellaneda.gob.ar\/wordpress\/wp-content\/uploads\/2022\/08\/1-1024x461.jpg 1024w, http:\/\/coloniaavellaneda.gob.ar\/wordpress\/wp-content\/uploads\/2022\/08\/1-300x135.jpg 300w, http:\/\/coloniaavellaneda.gob.ar\/wordpress\/wp-content\/uploads\/2022\/08\/1-768x346.jpg 768w, http:\/\/coloniaavellaneda.gob.ar\/wordpress\/wp-content\/uploads\/2022\/08\/1-1536x691.jpg 1536w, http:\/\/coloniaavellaneda.gob.ar\/wordpress\/wp-content\/uploads\/2022\/08\/1.jpg 1600w\" sizes=\"(max-width: 800px) 100vw, 800px\" \/>\t\t\t\t\t\t\t\t\t\t\t\t\t\t\n\t\t\t\t\t\t\t\t\t\t\t\t<img width=\"461\" height=\"1024\" src=\"http:\/\/coloniaavellaneda.gob.ar\/wordpress\/wp-content\/uploads\/2022\/08\/2-461x1024.jpg\" alt=\"\" loading=\"lazy\" srcset=\"http:\/\/coloniaavellaneda.gob.ar\/wordpress\/wp-content\/uploads\/2022\/08\/2-461x1024.jpg 461w, http:\/\/coloniaavellaneda.gob.ar\/wordpress\/wp-content\/uploads\/2022\/08\/2-135x300.jpg 135w, http:\/\/coloniaavellaneda.gob.ar\/wordpress\/wp-content\/uploads\/2022\/08\/2-691x1536.jpg 691w, http:\/\/coloniaavellaneda.gob.ar\/wordpress\/wp-content\/uploads\/2022\/08\/2.jpg 720w\" sizes=\"(max-width: 461px) 100vw, 461px\" \/>\t\t\t\t\t\t\t\t\t\t\t\t\t\t\n\t\t\t\t\t\t\t\t\t\t\t\t<img width=\"461\" height=\"1024\" src=\"http:\/\/coloniaavellaneda.gob.ar\/wordpress\/wp-content\/uploads\/2022\/08\/3-461x1024.jpg\" alt=\"\" loading=\"lazy\" srcset=\"http:\/\/coloniaavellaneda.gob.ar\/wordpress\/wp-content\/uploads\/2022\/08\/3-461x1024.jpg 461w, http:\/\/coloniaavellaneda.gob.ar\/wordpress\/wp-content\/uploads\/2022\/08\/3-135x300.jpg 135w, http:\/\/coloniaavellaneda.gob.ar\/wordpress\/wp-content\/uploads\/2022\/08\/3-691x1536.jpg 691w, http:\/\/coloniaavellaneda.gob.ar\/wordpress\/wp-content\/uploads\/2022\/08\/3.jpg 720w\" sizes=\"(max-width: 461px) 100vw, 461px\" \/>\t\t\t\t\t\t\t\t\t\t\t\t\t\t\n\t\t\t\t\t\t\t\t\t\t\t\t<img width=\"800\" height=\"360\" src=\"http:\/\/coloniaavellaneda.gob.ar\/wordpress\/wp-content\/uploads\/2022\/08\/5-1024x461.jpg\" alt=\"\" loading=\"lazy\" srcset=\"http:\/\/coloniaavellaneda.gob.ar\/wordpress\/wp-content\/uploads\/2022\/08\/5-1024x461.jpg 1024w, http:\/\/coloniaavellaneda.gob.ar\/wordpress\/wp-content\/uploads\/2022\/08\/5-300x135.jpg 300w, http:\/\/coloniaavellaneda.gob.ar\/wordpress\/wp-content\/uploads\/2022\/08\/5-768x346.jpg 768w, http:\/\/coloniaavellaneda.gob.ar\/wordpress\/wp-content\/uploads\/2022\/08\/5-1536x691.jpg 1536w, http:\/\/coloniaavellaneda.gob.ar\/wordpress\/wp-content\/uploads\/2022\/08\/5.jpg 1600w\" sizes=\"(max-width: 800px) 100vw, 800px\" \/>\t\t\t\t\t\t\t\t\t\t\t\t\t\t\n\t\t\t\t\t\t\t\t\t\t\t\t<img width=\"461\" height=\"1024\" src=\"http:\/\/coloniaavellaneda.gob.ar\/wordpress\/wp-content\/uploads\/2022\/08\/6-461x1024.jpg\" alt=\"\" loading=\"lazy\" srcset=\"http:\/\/coloniaavellaneda.gob.ar\/wordpress\/wp-content\/uploads\/2022\/08\/6-461x1024.jpg 461w, http:\/\/coloniaavellaneda.gob.ar\/wordpress\/wp-content\/uploads\/2022\/08\/6-135x300.jpg 135w, http:\/\/coloniaavellaneda.gob.ar\/wordpress\/wp-content\/uploads\/2022\/08\/6-691x1536.jpg 691w, http:\/\/coloniaavellaneda.gob.ar\/wordpress\/wp-content\/uploads\/2022\/08\/6.jpg 720w\" sizes=\"(max-width: 461px) 100vw, 461px\" \/>\t\t\t\t\t\t\t\t\t\t\t\t\t\t\n\t\t\t\t\t\t\t\t\t\t\t\t<img width=\"461\" height=\"1024\" src=\"http:\/\/coloniaavellaneda.gob.ar\/wordpress\/wp-content\/uploads\/2022\/08\/7-461x1024.jpg\" alt=\"\" loading=\"lazy\" srcset=\"http:\/\/coloniaavellaneda.gob.ar\/wordpress\/wp-content\/uploads\/2022\/08\/7-461x1024.jpg 461w, http:\/\/coloniaavellaneda.gob.ar\/wordpress\/wp-content\/uploads\/2022\/08\/7-135x300.jpg 135w, http:\/\/coloniaavellaneda.gob.ar\/wordpress\/wp-content\/uploads\/2022\/08\/7-691x1536.jpg 691w, http:\/\/coloniaavellaneda.gob.ar\/wordpress\/wp-content\/uploads\/2022\/08\/7.jpg 720w\" sizes=\"(max-width: 461px) 100vw, 461px\" \/>\t\t\t\t\t\t\t\t\t\t\t\t\t\t\n\t\t\t\t\t\t\t\t\t\t\t\t<img width=\"800\" height=\"360\" src=\"http:\/\/coloniaavellaneda.gob.ar\/wordpress\/wp-content\/uploads\/2022\/08\/8-1024x461.jpg\" alt=\"\" loading=\"lazy\" srcset=\"http:\/\/coloniaavellaneda.gob.ar\/wordpress\/wp-content\/uploads\/2022\/08\/8-1024x461.jpg 1024w, http:\/\/coloniaavellaneda.gob.ar\/wordpress\/wp-content\/uploads\/2022\/08\/8-300x135.jpg 300w, http:\/\/coloniaavellaneda.gob.ar\/wordpress\/wp-content\/uploads\/2022\/08\/8-768x346.jpg 768w, http:\/\/coloniaavellaneda.gob.ar\/wordpress\/wp-content\/uploads\/2022\/08\/8-1536x691.jpg 1536w, http:\/\/coloniaavellaneda.gob.ar\/wordpress\/wp-content\/uploads\/2022\/08\/8.jpg 1600w\" sizes=\"(max-width: 800px) 100vw, 800px\" \/>\t\t\t\t\t\t\t\t\t\t\t\t\t\t\n\t\t\t\t\t\t\t\t\t\t\t\t<img width=\"800\" height=\"360\" src=\"http:\/\/coloniaavellaneda.gob.ar\/wordpress\/wp-content\/uploads\/2022\/08\/9-1024x461.jpg\" alt=\"\" loading=\"lazy\" srcset=\"http:\/\/coloniaavellaneda.gob.ar\/wordpress\/wp-content\/uploads\/2022\/08\/9-1024x461.jpg 1024w, http:\/\/coloniaavellaneda.gob.ar\/wordpress\/wp-content\/uploads\/2022\/08\/9-300x135.jpg 300w, http:\/\/coloniaavellaneda.gob.ar\/wordpress\/wp-content\/uploads\/2022\/08\/9-768x346.jpg 768w, http:\/\/coloniaavellaneda.gob.ar\/wordpress\/wp-content\/uploads\/2022\/08\/9-1536x691.jpg 1536w, http:\/\/coloniaavellaneda.gob.ar\/wordpress\/wp-content\/uploads\/2022\/08\/9.jpg 1600w\" sizes=\"(max-width: 800px) 100vw, 800px\" \/>\t\t\t\t\t\t\t\t\t\t\t\t\t\t\n\t\t<ul><li>Se gestion\u00f3 con DINAPAM (direcci\u00f3n Nacional de Pol\u00edticas para Adultos Mayores)<u> El programa <\/u><u>Bien Activos<\/u>, el cual tiene como objetivo Favorecer un estilo de vida activo y saludable a trav\u00e9s de la promoci\u00f3n de la actividad f\u00edsica y recreativa como as\u00ed tambi\u00e9n la promoci\u00f3n de la alimentaci\u00f3n saludable en la poblaci\u00f3n de personas mayores, con un abordaje integral y de educaci\u00f3n a lo largo de la vida.<\/li><\/ul><p>\u00a0<\/p>\t\t\n\t\t\t\t\t\t\t\t\t\t\t\t<img width=\"800\" height=\"473\" src=\"http:\/\/coloniaavellaneda.gob.ar\/wordpress\/wp-content\/uploads\/2022\/08\/10.jpg\" alt=\"\" loading=\"lazy\" srcset=\"http:\/\/coloniaavellaneda.gob.ar\/wordpress\/wp-content\/uploads\/2022\/08\/10.jpg 1002w, http:\/\/coloniaavellaneda.gob.ar\/wordpress\/wp-content\/uploads\/2022\/08\/10-300x177.jpg 300w, http:\/\/coloniaavellaneda.gob.ar\/wordpress\/wp-content\/uploads\/2022\/08\/10-768x454.jpg 768w\" sizes=\"(max-width: 800px) 100vw, 800px\" \/>\t\t\t\t\t\t\t\t\t\t\t\t\t\t\n\t\t\t\t\t\t\t\t\t\t\t\t<img width=\"768\" height=\"1024\" src=\"http:\/\/coloniaavellaneda.gob.ar\/wordpress\/wp-content\/uploads\/2022\/08\/11-768x1024.jpg\" alt=\"\" loading=\"lazy\" srcset=\"http:\/\/coloniaavellaneda.gob.ar\/wordpress\/wp-content\/uploads\/2022\/08\/11-768x1024.jpg 768w, http:\/\/coloniaavellaneda.gob.ar\/wordpress\/wp-content\/uploads\/2022\/08\/11-225x300.jpg 225w, http:\/\/coloniaavellaneda.gob.ar\/wordpress\/wp-content\/uploads\/2022\/08\/11-1152x1536.jpg 1152w, http:\/\/coloniaavellaneda.gob.ar\/wordpress\/wp-content\/uploads\/2022\/08\/11.jpg 1200w\" sizes=\"(max-width: 768px) 100vw, 768px\" \/>\t\t\t\t\t\t\t\t\t\t\t\t\t\t\n\t\t\t\t\t\t\t\t\t\t\t\t<img width=\"768\" height=\"1024\" src=\"http:\/\/coloniaavellaneda.gob.ar\/wordpress\/wp-content\/uploads\/2022\/08\/12-768x1024.jpg\" alt=\"\" loading=\"lazy\" srcset=\"http:\/\/coloniaavellaneda.gob.ar\/wordpress\/wp-content\/uploads\/2022\/08\/12-768x1024.jpg 768w, http:\/\/coloniaavellaneda.gob.ar\/wordpress\/wp-content\/uploads\/2022\/08\/12-225x300.jpg 225w, http:\/\/coloniaavellaneda.gob.ar\/wordpress\/wp-content\/uploads\/2022\/08\/12-1152x1536.jpg 1152w, http:\/\/coloniaavellaneda.gob.ar\/wordpress\/wp-content\/uploads\/2022\/08\/12.jpg 1200w\" sizes=\"(max-width: 768px) 100vw, 768px\" \/>\t\t\t\t\t\t\t\t\t\t\t\t\t\t\n\t\t<ul><li>A partir de dar respuestas a las problem\u00e1ticas que atraviesan los Adultos Mayores, y entiendo la complejidad que lleva atender los sistemas de salud de este grupo etario, se implement\u00f3 la <u>atenci\u00f3n de PAMI<\/u> en las oficinas del municipio. El objetivo es poder atender de manera personalizada y cerca del domicilio de las personas mayores todas las consultas y tr\u00e1mites relacionados a su obra social y de esta manera evitar los traslados hasta Paran\u00e1, contemplando que no todas las personas tienen las posibilidades o accesibilidades para realizar estas gestiones en otra localidad.<\/li><\/ul><p>\u00a0<\/p><p>\u00a0<\/p><p>\u00a0<\/p><p>\u00a0<\/p><p>\u00a0<\/p><ul><li>Bajo la premisa y el objetivo de incorporar a los Adultos Mayores a distintos espacios de la comunidad y en continua interacci\u00f3n con otros, es que se realiz\u00f3 en el Prado Espa\u00f1ol la <u>Colonia De Vacaciones para Personas Mayores.<\/u> La propuesta viene enmarcada a trav\u00e9s de los principios de promover la actividad f\u00edsica y recreativa, fomentando el lazo social con pares y mejorando la calidad de vida de todos los Adultos mayores.<\/li><\/ul><p>\u00a0<\/p><p>\u00a0<\/p><p>\u00a0<\/p><p>\u00a0<\/p><ul><li>Se desarroll\u00f3 en la localidad el <u>Programa Provincial Personas Mayores en movimiento,<\/u> dicho programa propuso a trav\u00e9s de la actividad f\u00edsica y la estimulaci\u00f3n cognitiva un espacio de entretenimiento y promoci\u00f3n del lazo social. Las actividades estaban centradas en rememorar los juego y entretenimientos que los adultos mayores sol\u00edan realizar en sus \u00e9pocas de juventud, de esta manera los conectaba con sus experiencias de placer reconstruyendo la continuidad identitaria de los mismos.<\/li><\/ul>\t\t\n\t\t\t\t\t\t\t\t\t\t\t\t<img width=\"719\" height=\"1600\" src=\"http:\/\/coloniaavellaneda.gob.ar\/wordpress\/wp-content\/uploads\/2022\/08\/13.jpg\" alt=\"\" loading=\"lazy\" srcset=\"http:\/\/coloniaavellaneda.gob.ar\/wordpress\/wp-content\/uploads\/2022\/08\/13.jpg 719w, http:\/\/coloniaavellaneda.gob.ar\/wordpress\/wp-content\/uploads\/2022\/08\/13-135x300.jpg 135w, http:\/\/coloniaavellaneda.gob.ar\/wordpress\/wp-content\/uploads\/2022\/08\/13-460x1024.jpg 460w, http:\/\/coloniaavellaneda.gob.ar\/wordpress\/wp-content\/uploads\/2022\/08\/13-690x1536.jpg 690w\" sizes=\"(max-width: 719px) 100vw, 719px\" \/>\t\t\t\t\t\t\t\t\t\t\t\t\t\t\n\t\t\t\t\t\t\t\t\t\t\t\t<img width=\"768\" height=\"345\" src=\"http:\/\/coloniaavellaneda.gob.ar\/wordpress\/wp-content\/uploads\/2022\/08\/14-768x345.jpg\" alt=\"\" loading=\"lazy\" srcset=\"http:\/\/coloniaavellaneda.gob.ar\/wordpress\/wp-content\/uploads\/2022\/08\/14-768x345.jpg 768w, http:\/\/coloniaavellaneda.gob.ar\/wordpress\/wp-content\/uploads\/2022\/08\/14-300x135.jpg 300w, http:\/\/coloniaavellaneda.gob.ar\/wordpress\/wp-content\/uploads\/2022\/08\/14-1024x460.jpg 1024w, http:\/\/coloniaavellaneda.gob.ar\/wordpress\/wp-content\/uploads\/2022\/08\/14-1536x690.jpg 1536w, http:\/\/coloniaavellaneda.gob.ar\/wordpress\/wp-content\/uploads\/2022\/08\/14.jpg 1600w\" sizes=\"(max-width: 768px) 100vw, 768px\" \/>\t\t\t\t\t\t\t\t\t\t\t\t\t\t\n\t\t\t\t\t\t\t\t\t\t\t\t<img width=\"768\" height=\"427\" src=\"http:\/\/coloniaavellaneda.gob.ar\/wordpress\/wp-content\/uploads\/2022\/08\/15-768x427.jpg\" alt=\"\" loading=\"lazy\" srcset=\"http:\/\/coloniaavellaneda.gob.ar\/wordpress\/wp-content\/uploads\/2022\/08\/15-768x427.jpg 768w, http:\/\/coloniaavellaneda.gob.ar\/wordpress\/wp-content\/uploads\/2022\/08\/15-300x167.jpg 300w, http:\/\/coloniaavellaneda.gob.ar\/wordpress\/wp-content\/uploads\/2022\/08\/15-1024x569.jpg 1024w, http:\/\/coloniaavellaneda.gob.ar\/wordpress\/wp-content\/uploads\/2022\/08\/15-1536x853.jpg 1536w, http:\/\/coloniaavellaneda.gob.ar\/wordpress\/wp-content\/uploads\/2022\/08\/15-800x445.jpg 800w, http:\/\/coloniaavellaneda.gob.ar\/wordpress\/wp-content\/uploads\/2022\/08\/15.jpg 1600w\" sizes=\"(max-width: 768px) 100vw, 768px\" \/>\t\t\t\t\t\t\t\t\t\t\t\t\t\t\n\t\t\t\t\t\t\t\t\t\t\t\t<img width=\"768\" height=\"345\" src=\"http:\/\/coloniaavellaneda.gob.ar\/wordpress\/wp-content\/uploads\/2022\/08\/16-768x345.jpg\" alt=\"\" loading=\"lazy\" srcset=\"http:\/\/coloniaavellaneda.gob.ar\/wordpress\/wp-content\/uploads\/2022\/08\/16-768x345.jpg 768w, http:\/\/coloniaavellaneda.gob.ar\/wordpress\/wp-content\/uploads\/2022\/08\/16-300x135.jpg 300w, http:\/\/coloniaavellaneda.gob.ar\/wordpress\/wp-content\/uploads\/2022\/08\/16-1024x460.jpg 1024w, http:\/\/coloniaavellaneda.gob.ar\/wordpress\/wp-content\/uploads\/2022\/08\/16-1536x690.jpg 1536w, http:\/\/coloniaavellaneda.gob.ar\/wordpress\/wp-content\/uploads\/2022\/08\/16.jpg 1600w\" sizes=\"(max-width: 768px) 100vw, 768px\" \/>\t\t\t\t\t\t\t\t\t\t\t\t\t\t\n\t\t\t\t\t\t\t\t\t\t\t\t<img width=\"768\" height=\"389\" src=\"http:\/\/coloniaavellaneda.gob.ar\/wordpress\/wp-content\/uploads\/2022\/08\/17-768x389.jpg\" alt=\"\" loading=\"lazy\" srcset=\"http:\/\/coloniaavellaneda.gob.ar\/wordpress\/wp-content\/uploads\/2022\/08\/17-768x389.jpg 768w, http:\/\/coloniaavellaneda.gob.ar\/wordpress\/wp-content\/uploads\/2022\/08\/17-300x152.jpg 300w, http:\/\/coloniaavellaneda.gob.ar\/wordpress\/wp-content\/uploads\/2022\/08\/17-1024x519.jpg 1024w, http:\/\/coloniaavellaneda.gob.ar\/wordpress\/wp-content\/uploads\/2022\/08\/17-1536x779.jpg 1536w, http:\/\/coloniaavellaneda.gob.ar\/wordpress\/wp-content\/uploads\/2022\/08\/17.jpg 1600w\" sizes=\"(max-width: 768px) 100vw, 768px\" \/>\t\t\t\t\t\t\t\t\t\t\t\t\t\t\n\t\t<ul><li><u>Impulso a la participaci\u00f3n de los Juegos Evita.<\/u><\/li><\/ul><p>Impulsando el trabajo articulado desde el \u00e1rea de Deportes y el \u00e1rea de Adultos Mayores, por primera vez el municipio de colonia avellaneda participa de los juegos Nacionales evita 2022. Orgullosos de poder ser parte de estos espacios de participaci\u00f3n y promoci\u00f3n de la actividad f\u00edsica, como as\u00ed tambi\u00e9n el juego en equipo y estrategia de nuestras Personas Mayores.<\/p><p>Fortalecemos e incentivamos desde nuestras pol\u00edticas p\u00fablicas todo este tipo de actividades que est\u00e9n centradas en mejorar la calidad de vida de este grupo etario.<\/p>\t\t\n\t\t\t\t\t\t\t\t\t\t\t\t<img width=\"512\" height=\"640\" src=\"http:\/\/coloniaavellaneda.gob.ar\/wordpress\/wp-content\/uploads\/2021\/10\/dia-del-adulto-mayor.jpg\" alt=\"\" loading=\"lazy\" srcset=\"http:\/\/coloniaavellaneda.gob.ar\/wordpress\/wp-content\/uploads\/2021\/10\/dia-del-adulto-mayor.jpg 512w, http:\/\/coloniaavellaneda.gob.ar\/wordpress\/wp-content\/uploads\/2021\/10\/dia-del-adulto-mayor-240x300.jpg 240w\" sizes=\"(max-width: 512px) 100vw, 512px\" \/>\t\t\t\t\t\t\t\t\t\t\t\t\t\t\n\t\t\t<h4>\n\t\t\t\t\u00daltimas Noticias Relacionadas\n\t\t\t<\/h4>\n\t\t<!-- tg-module-title-wrap -->\n\t\t\t\t\t\t\t\t\t\t\t\t\t\t\t<figure>\n\t\t\t\t\t\t\t\t\t\t\t<a href=\"http:\/\/coloniaavellaneda.gob.ar\/wordpress\/jornada-provincial-cultural-de-las-personas-de-edad\/\">\n\t\t\t<img width=\"392\" height=\"272\" src=\"http:\/\/coloniaavellaneda.gob.ar\/wordpress\/wp-content\/uploads\/2021\/10\/243493799_4461047833954021_2956682117125009306_n-392x272.jpg\" alt=\"\" loading=\"lazy\" srcset=\"http:\/\/coloniaavellaneda.gob.ar\/wordpress\/wp-content\/uploads\/2021\/10\/243493799_4461047833954021_2956682117125009306_n-392x272.jpg 392w, http:\/\/coloniaavellaneda.gob.ar\/wordpress\/wp-content\/uploads\/2021\/10\/243493799_4461047833954021_2956682117125009306_n-130x90.jpg 130w, http:\/\/coloniaavellaneda.gob.ar\/wordpress\/wp-content\/uploads\/2021\/10\/243493799_4461047833954021_2956682117125009306_n-600x417.jpg 600w\" sizes=\"(max-width: 392px) 100vw, 392px\" \/>\t\t<\/a>\n\t\t<a href=\"http:\/\/coloniaavellaneda.gob.ar\/wordpress\/category\/adultos-mayores\/\" rel=\"category tag\">Adultos Mayores<\/a>&nbsp;\t\t\t\t\t\t\t\t<\/figure>\n\t\t\t\t\t\t\t\t\t<h3>\n\t\t\t<a href=\"http:\/\/coloniaavellaneda.gob.ar\/wordpress\/jornada-provincial-cultural-de-las-personas-de-edad\/\">JORNADA PROVINCIAL CULTURAL DE LAS PERSONAS DE EDAD<\/a>\n\t\t<\/h3>\n\t\t\t\t<a href=\"http:\/\/coloniaavellaneda.gob.ar\/wordpress\/jornada-provincial-cultural-de-las-personas-de-edad\/\" rel=\"bookmark\"><time datetime=\"2021-10-12T13:27:56+00:00\">12 de octubre de 2021<\/time><time datetime=\"2021-10-12T13:28:30+00:00\">12 de octubre de 2021<\/time><\/a>\t\t\t\n\t\t\t\t<a href=\"http:\/\/coloniaavellaneda.gob.ar\/wordpress\/author\/imca\/\">IMCA<\/a>\t\t\t\n\t\t\t\t\t<a href=\"http:\/\/coloniaavellaneda.gob.ar\/wordpress\/jornada-provincial-cultural-de-las-personas-de-edad\/#respond\">0<\/a>\t\t\t\t\n\t\t\t\t\t\t\t\t<p>En conmemoracion del dia Internacional del Adulto mayor desde el \u00e1rea de Adultos Mayores, y acompa\u00f1ados por club de abuelos<\/p>\n\t\t\t\t\t\t\t\t\t\t\t\t\t\t\t<figure>\n\t\t\t\t\t\t\t\t\t\t\t<a href=\"http:\/\/coloniaavellaneda.gob.ar\/wordpress\/visita-al-museo-con-el-club-de-abuelos\/\">\n\t\t\t<img width=\"392\" height=\"272\" src=\"http:\/\/coloniaavellaneda.gob.ar\/wordpress\/wp-content\/uploads\/2021\/09\/242766175_4414167541975384_8224752139780656536_n-392x272.jpg\" alt=\"\" loading=\"lazy\" srcset=\"http:\/\/coloniaavellaneda.gob.ar\/wordpress\/wp-content\/uploads\/2021\/09\/242766175_4414167541975384_8224752139780656536_n-392x272.jpg 392w, http:\/\/coloniaavellaneda.gob.ar\/wordpress\/wp-content\/uploads\/2021\/09\/242766175_4414167541975384_8224752139780656536_n-130x90.jpg 130w, http:\/\/coloniaavellaneda.gob.ar\/wordpress\/wp-content\/uploads\/2021\/09\/242766175_4414167541975384_8224752139780656536_n-600x417.jpg 600w\" sizes=\"(max-width: 392px) 100vw, 392px\" \/>\t\t<\/a>\n\t\t<a href=\"http:\/\/coloniaavellaneda.gob.ar\/wordpress\/category\/adultos-mayores\/\" rel=\"category tag\">Adultos Mayores<\/a>&nbsp;\t\t\t\t\t\t\t\t<\/figure>\n\t\t\t\t\t\t\t\t\t<h3>\n\t\t\t<a href=\"http:\/\/coloniaavellaneda.gob.ar\/wordpress\/visita-al-museo-con-el-club-de-abuelos\/\">Visita al museo con el club de abuelos<\/a>\n\t\t<\/h3>\n\t\t\t\t<a href=\"http:\/\/coloniaavellaneda.gob.ar\/wordpress\/visita-al-museo-con-el-club-de-abuelos\/\" rel=\"bookmark\"><time datetime=\"2021-09-25T12:25:27+00:00\">25 de septiembre de 2021<\/time><time datetime=\"2021-09-25T12:25:54+00:00\">25 de septiembre de 2021<\/time><\/a>\t\t\t\n\t\t\t\t<a href=\"http:\/\/coloniaavellaneda.gob.ar\/wordpress\/author\/imca\/\">IMCA<\/a>\t\t\t\n\t\t\t\t\t<a href=\"http:\/\/coloniaavellaneda.gob.ar\/wordpress\/visita-al-museo-con-el-club-de-abuelos\/#respond\">0<\/a>\t\t\t\t\n\t\t\t\t\t\t\t\t<p>Visita al museo de Casa de Gobierno con el club de abuelos \u00abYo tengo Fe\u00bb Invitados por el \u00e1rea de<\/p>\n\t\t\t\t\t\t\t\t\t\t\t\t\t\t\t<figure>\n\t\t\t\t\t\t\t\t\t\t\t<a href=\"http:\/\/coloniaavellaneda.gob.ar\/wordpress\/reunion-con-pami\/\">\n\t\t\t<img width=\"392\" height=\"272\" src=\"http:\/\/coloniaavellaneda.gob.ar\/wordpress\/wp-content\/uploads\/2021\/09\/241366813_4359595450765927_6071314432814487835_n-392x272.jpg\" alt=\"\" loading=\"lazy\" srcset=\"http:\/\/coloniaavellaneda.gob.ar\/wordpress\/wp-content\/uploads\/2021\/09\/241366813_4359595450765927_6071314432814487835_n-392x272.jpg 392w, http:\/\/coloniaavellaneda.gob.ar\/wordpress\/wp-content\/uploads\/2021\/09\/241366813_4359595450765927_6071314432814487835_n-130x90.jpg 130w, http:\/\/coloniaavellaneda.gob.ar\/wordpress\/wp-content\/uploads\/2021\/09\/241366813_4359595450765927_6071314432814487835_n-600x417.jpg 600w\" sizes=\"(max-width: 392px) 100vw, 392px\" \/>\t\t<\/a>\n\t\t<a href=\"http:\/\/coloniaavellaneda.gob.ar\/wordpress\/category\/adultos-mayores\/\" rel=\"category tag\">Adultos Mayores<\/a>&nbsp;\t\t\t\t\t\t\t\t<\/figure>\n\t\t\t\t\t\t\t\t\t<h3>\n\t\t\t<a href=\"http:\/\/coloniaavellaneda.gob.ar\/wordpress\/reunion-con-pami\/\">Reuni\u00f3n con PAMI<\/a>\n\t\t<\/h3>\n\t\t\t\t<a href=\"http:\/\/coloniaavellaneda.gob.ar\/wordpress\/reunion-con-pami\/\" rel=\"bookmark\"><time datetime=\"2021-09-06T17:30:54+00:00\">6 de septiembre de 2021<\/time><time datetime=\"2021-09-06T17:32:43+00:00\">6 de septiembre de 2021<\/time><\/a>\t\t\t\n\t\t\t\t<a href=\"http:\/\/coloniaavellaneda.gob.ar\/wordpress\/author\/imca\/\">IMCA<\/a>\t\t\t\n\t\t\t\t\t<a href=\"http:\/\/coloniaavellaneda.gob.ar\/wordpress\/reunion-con-pami\/#respond\">0<\/a>\t\t\t\t\n\t\t\t\t\t\t\t\t<p>Para permitir a los afiliados a realizar tr\u00e1mites y c\u00f3nsultas sin trasladarse a otras ciudades.<\/p>\n\t\t\t<a href=\"http:\/\/coloniaavellaneda.gob.ar\/wordpress\/category\/adultos-mayores\/\" role=\"button\">\n\t\t\t\t\t\tVer m\u00e1s\n\t\t\t\t\t<\/a>\n\t\t\t<h4>\n\t\t\t\tContacto\n\t\t\t<\/h4>\n\t\t<!-- tg-module-title-wrap -->\n\t\t\t\tCont\u00e1ctate con nosotros\t\t\t\t\n\t\t\t\t\t<ul>\n\t\t\t\t\t\t\t<li>\n\t\t\t\t\t\t\t\t\t<\/li>\n\t\t\t\t\t\t\t\t<li>\n\t\t\t\t\t\t\t\t\t\tadultosmayores@coloniavellaneda.gob.ar\n\t\t\t\t\t\t\t\t\t<\/li>\n\t\t\t\t\t\t<\/ul>\n\t\t\t\tEncu\u00e9ntranos \t\t\t\t\n\t\t\t<iframe frameborder=\"0\" scrolling=\"no\" marginheight=\"0\" marginwidth=\"0\"\n\t\t\t\t\tsrc=\"https:\/\/maps.google.com\/maps?q=6HJV%2BX9%20Col.%20Avellaneda%2C%20Entre%20R%C3%ADos%2C%20Argentina&#038;t=m&#038;z=10&#038;output=embed&#038;iwloc=near\"\n\t\t\t\t\ttitle=\"6HJV+X9 Col. Avellaneda, Entre R\u00edos, Argentina\"\n\t\t\t\t\taria-label=\"6HJV+X9 Col. Avellaneda, Entre R\u00edos, Argentina\"\n\t\t\t><\/iframe>\n\t\t\t\tS\u00edguenos \t\t\t\t\n\t\t\t\t\t<a target=\"_blank\" rel=\"noopener\">\n\t\t\t\t\t\tInstagram\n\t\t\t\t\t\t\t\t\t\t\t<\/a>\n\t\t\t<h3>Env\u00edanos un mensaje <\/h3>\t\t\n\t\t<p>Para cualquier consulta al <strong>\u00e1rea de Adultos Mayores<\/strong>, completa el siguiente formularios con tus datos.<\/p>[everest_form id=\"4698\"]","_et_gb_content_width":"","footnotes":""},"class_list":["post-4315","page","type-page","status-publish","hentry"],"_links":{"self":[{"href":"https:\/\/coloniaavellaneda.gob.ar\/web\/wp-json\/wp\/v2\/pages\/4315","targetHints":{"allow":["GET"]}}],"collection":[{"href":"https:\/\/coloniaavellaneda.gob.ar\/web\/wp-json\/wp\/v2\/pages"}],"about":[{"href":"https:\/\/coloniaavellaneda.gob.ar\/web\/wp-json\/wp\/v2\/types\/page"}],"author":[{"embeddable":true,"href":"https:\/\/coloniaavellaneda.gob.ar\/web\/wp-json\/wp\/v2\/users\/1"}],"replies":[{"embeddable":true,"href":"https:\/\/coloniaavellaneda.gob.ar\/web\/wp-json\/wp\/v2\/comments?post=4315"}],"version-history":[{"count":1,"href":"https:\/\/coloniaavellaneda.gob.ar\/web\/wp-json\/wp\/v2\/pages\/4315\/revisions"}],"predecessor-version":[{"id":5465,"href":"https:\/\/coloniaavellaneda.gob.ar\/web\/wp-json\/wp\/v2\/pages\/4315\/revisions\/5465"}],"wp:attachment":[{"href":"https:\/\/coloniaavellaneda.gob.ar\/web\/wp-json\/wp\/v2\/media?parent=4315"}],"curies":[{"name":"wp","href":"https:\/\/api.w.org\/{rel}","templated":true}]}}