{"id":5703,"date":"2023-06-30T11:04:36","date_gmt":"2023-06-30T11:04:36","guid":{"rendered":"https:\/\/coloniaavellaneda.gob.ar\/web\/?page_id=5703"},"modified":"2025-11-25T14:38:55","modified_gmt":"2025-11-25T14:38:55","slug":"5703-2","status":"publish","type":"page","link":"https:\/\/coloniaavellaneda.gob.ar\/web\/home\/5703-2\/","title":{"rendered":"Econom\u00eda Social"},"content":{"rendered":"<p>[et_pb_section fb_built=\u00bb1&#8243; _builder_version=\u00bb4.19.0&#8243; _module_preset=\u00bbdefault\u00bb hover_enabled=\u00bb0&#8243; global_colors_info=\u00bb{}\u00bb sticky_enabled=\u00bb0&#8243; custom_margin=\u00bb||-84px|||\u00bb][et_pb_row _builder_version=\u00bb4.19.0&#8243; _module_preset=\u00bbdefault\u00bb hover_enabled=\u00bb0&#8243; global_colors_info=\u00bb{}\u00bb sticky_enabled=\u00bb0&#8243;][et_pb_column type=\u00bb4_4&#8243; _builder_version=\u00bb4.19.0&#8243; _module_preset=\u00bbdefault\u00bb global_colors_info=\u00bb{}\u00bb][et_pb_text _builder_version=\u00bb4.19.0&#8243; _module_preset=\u00bbdefault\u00bb global_colors_info=\u00bb{}\u00bb inline_fonts=\u00bbArial\u00bb]<\/p>\n<p><strong><span style=\"font-size: xx-large; font-family: Arial;\">ECONOM\u00cdA SOCIAL<\/span><\/strong><\/p>\n<p>[\/et_pb_text][\/et_pb_column][\/et_pb_row][\/et_pb_section][et_pb_section fb_built=\u00bb1&#8243; admin_label=\u00bbsection\u00bb _builder_version=\u00bb4.19.0&#8243; hover_enabled=\u00bb0&#8243; global_colors_info=\u00bb{}\u00bb min_height=\u00bb3077.1px\u00bb sticky_enabled=\u00bb0&#8243;][et_pb_row admin_label=\u00bbrow\u00bb _builder_version=\u00bb4.19.0&#8243; background_size=\u00bbinitial\u00bb background_position=\u00bbtop_left\u00bb background_repeat=\u00bbrepeat\u00bb hover_enabled=\u00bb0&#8243; global_colors_info=\u00bb{}\u00bb custom_margin=\u00bb0px|auto||auto|false|false\u00bb sticky_enabled=\u00bb0&#8243; min_height=\u00bb2283.1px\u00bb][et_pb_column type=\u00bb4_4&#8243; _builder_version=\u00bb4.16&#8243; custom_padding=\u00bb|||\u00bb global_colors_info=\u00bb{}\u00bb custom_padding__hover=\u00bb|||\u00bb][et_pb_text _builder_version=\u00bb4.19.0&#8243; _module_preset=\u00bbdefault\u00bb hover_enabled=\u00bb0&#8243; sticky_enabled=\u00bb0&#8243;]<\/p>\n<h1>Portal Empleo<\/h1>\n<p><span style=\"font-size: large;\"> <a href=\"https:\/\/www.portalempleo.gob.ar\/\" rel=\"noopener noreferrer\" target=\"_blank\" data-saferedirecturl=\"https:\/\/www.google.com\/url?q=https:\/\/www.portalempleo.gob.ar\/&amp;source=gmail&amp;ust=1688213823994000&amp;usg=AOvVaw19giOD-FWEogvUhTXk_O_O\">https:\/\/www.portalempleo.gob.a<wbr \/>r\/<\/a><\/span><\/p>\n<p>[\/et_pb_text][et_pb_text _builder_version=\u00bb4.19.0&#8243; _module_preset=\u00bbdefault\u00bb hover_enabled=\u00bb0&#8243; sticky_enabled=\u00bb0&#8243;]<\/p>\n<p><span>\u00bfQu\u00e9 es el Portal Empleo?<\/span><br \/><span>es una plataforma digital<\/span><br \/><span>+gratuita<\/span><br \/><span>+publica<\/span><br \/><span>+alcance nacional<\/span><br \/><span>+autogestiva<\/span><br \/><span>facilita el acceso a pol\u00edticas de promoci\u00f3n del empleo y formaci\u00f3n<\/span><br \/><span>profesional.<\/span><br \/><span>\u00bfC\u00f3mo se realiza la inscripci\u00f3n?<\/span><br \/><span>te podes registrar desde cualquier tipo de dispositivo<\/span><br \/><span>(celular\/computadora\/Tablet)<\/span><br \/><span>tambi\u00e9n podes asesorarte en el Municipio \u00c1rea de Econom\u00eda Social de<\/span><br \/><span>lunes a viernes de 7.30 a 12.30<\/span><\/p>\n<p><span>video informativo<\/span><br \/><a href=\"https:\/\/contenidos.portalempleo.gob.ar\/publico\/videos\/Ciudadanos_2022\" rel=\"noopener noreferrer\" target=\"_blank\" data-saferedirecturl=\"https:\/\/www.google.com\/url?q=https:\/\/contenidos.portalempleo.gob.ar\/publico\/videos\/Ciudadanos_2022&amp;source=gmail&amp;ust=1688213823994000&amp;usg=AOvVaw3xR-V3J3MNRXqSgKrfzHSI\">https:\/\/contenidos.portalemple<wbr \/>o.gob.ar\/publico\/videos\/<wbr \/>Ciudadanos_2022<\/a><\/p>\n<p>[\/et_pb_text][et_pb_divider _builder_version=\u00bb4.19.0&#8243; _module_preset=\u00bbdefault\u00bb hover_enabled=\u00bb0&#8243; sticky_enabled=\u00bb0&#8243;][\/et_pb_divider][et_pb_text _builder_version=\u00bb4.19.0&#8243; _module_preset=\u00bbdefault\u00bb hover_enabled=\u00bb0&#8243; sticky_enabled=\u00bb0&#8243;]<\/p>\n<p><span style=\"font-size: x-large;\"><strong>Primer Encuentro de la Econom\u00eda Social<\/strong><\/span><\/p>\n<p>Colonia Avellaneda fue elegida c\u00f3mo sede del primer encuentro de la Econom\u00eda Social &#x1f64c;&#x1f3fd;<br \/>Con el objetivo de promover la integraci\u00f3n regional de emprendedores, en el marco de los 10 a\u00f1os de la ley de Econom\u00eda Social, es que emprendedores y emprendedoras de Paran\u00e1, Cerrito, Tabossi y Colonia Avellaneda se reunieron en Espacio Colonia Avellaneda el d\u00eda 22 de septiembre.<\/p>\n<p>[\/et_pb_text][et_pb_image src=\u00bbhttps:\/\/coloniaavellaneda.gob.ar\/web\/wp-content\/uploads\/2023\/06\/economia-social1-768&#215;512-1.jpeg\u00bb title_text=\u00bbeconomia-social1-768&#215;512&#8243; _builder_version=\u00bb4.19.0&#8243; _module_preset=\u00bbdefault\u00bb global_colors_info=\u00bb{}\u00bb][\/et_pb_image][et_pb_image src=\u00bbhttps:\/\/coloniaavellaneda.gob.ar\/web\/wp-content\/uploads\/2023\/06\/economia-social-768&#215;512-1.jpeg\u00bb title_text=\u00bbeconomia-social-768&#215;512&#8243; _builder_version=\u00bb4.19.0&#8243; _module_preset=\u00bbdefault\u00bb global_colors_info=\u00bb{}\u00bb][\/et_pb_image][et_pb_image src=\u00bbhttps:\/\/coloniaavellaneda.gob.ar\/web\/wp-content\/uploads\/2023\/06\/WhatsApp-Image-2022-10-18-at-11.20.10-1-768&#215;512-1.jpeg\u00bb title_text=\u00bbWhatsApp-Image-2022-10-18-at-11.20.10-1-768&#215;512&#8243; _builder_version=\u00bb4.19.0&#8243; _module_preset=\u00bbdefault\u00bb global_colors_info=\u00bb{}\u00bb][\/et_pb_image][\/et_pb_column][\/et_pb_row][et_pb_row _builder_version=\u00bb4.19.0&#8243; _module_preset=\u00bbdefault\u00bb][et_pb_column _builder_version=\u00bb4.19.0&#8243; _module_preset=\u00bbdefault\u00bb type=\u00bb4_4&#8243;][et_pb_divider _builder_version=\u00bb4.19.0&#8243; _module_preset=\u00bbdefault\u00bb hover_enabled=\u00bb0&#8243; sticky_enabled=\u00bb0&#8243;][\/et_pb_divider][\/et_pb_column][\/et_pb_row][et_pb_row _builder_version=\u00bb4.19.0&#8243; _module_preset=\u00bbdefault\u00bb][et_pb_column _builder_version=\u00bb4.19.0&#8243; _module_preset=\u00bbdefault\u00bb type=\u00bb4_4&#8243;][et_pb_image src=\u00bbhttps:\/\/coloniaavellaneda.gob.ar\/web\/wp-content\/uploads\/2023\/06\/manos-1.png\u00bb _builder_version=\u00bb4.19.0&#8243; _module_preset=\u00bbdefault\u00bb title_text=\u00bbmanos\u00bb hover_enabled=\u00bb0&#8243; sticky_enabled=\u00bb0&#8243;][\/et_pb_image][et_pb_text admin_label=\u00bbText\u00bb _builder_version=\u00bb4.16&#8243; background_size=\u00bbinitial\u00bb background_position=\u00bbtop_left\u00bb background_repeat=\u00bbrepeat\u00bb global_colors_info=\u00bb{}\u00bb]<\/p>\n<p>&nbsp;<\/p>\n<p>&nbsp;<\/p>\n<p><span style=\"font-size: x-large;\"><strong>Inicio del Curso de Formaci\u00f3n Emprendedora<\/strong><\/span><\/p>\n<p>&nbsp;<\/p>\n<p>Destinado a todos los emprendedores y todas las emprendedoras de nuestra ciudad.<\/p>\n<p>En el curso se ven herramientas did\u00e1cticas para pensar de forma estrat\u00e9gica nuestros emprendimientos y as\u00ed, concretar nuestros objetivos.<br \/>\u00a0se dictan todos los sabados 16hs en el Espacio<\/p>\n<p>[\/et_pb_text][\/et_pb_column][\/et_pb_row][\/et_pb_section]<\/p>\n","protected":false},"excerpt":{"rendered":"<p>ECONOM\u00cdA SOCIALPortal Empleo https:\/\/www.portalempleo.gob.ar\/\u00bfQu\u00e9 es el Portal Empleo?es una plataforma digital+gratuita+publica+alcance nacional+autogestivafacilita el acceso a pol\u00edticas de promoci\u00f3n del empleo y formaci\u00f3nprofesional.\u00bfC\u00f3mo se realiza la inscripci\u00f3n?te podes registrar desde cualquier tipo de dispositivo(celular\/computadora\/Tablet)tambi\u00e9n podes asesorarte en el Municipio \u00c1rea de Econom\u00eda Social delunes a viernes de 7.30 a 12.30 video informativohttps:\/\/contenidos.portalempleo.gob.ar\/publico\/videos\/Ciudadanos_2022Primer Encuentro de la Econom\u00eda [&hellip;]<\/p>\n","protected":false},"author":1,"featured_media":0,"parent":3306,"menu_order":0,"comment_status":"closed","ping_status":"closed","template":"","meta":{"_et_pb_use_builder":"on","_et_pb_old_content":"","_et_gb_content_width":"","footnotes":""},"class_list":["post-5703","page","type-page","status-publish","hentry"],"_links":{"self":[{"href":"https:\/\/coloniaavellaneda.gob.ar\/web\/wp-json\/wp\/v2\/pages\/5703","targetHints":{"allow":["GET"]}}],"collection":[{"href":"https:\/\/coloniaavellaneda.gob.ar\/web\/wp-json\/wp\/v2\/pages"}],"about":[{"href":"https:\/\/coloniaavellaneda.gob.ar\/web\/wp-json\/wp\/v2\/types\/page"}],"author":[{"embeddable":true,"href":"https:\/\/coloniaavellaneda.gob.ar\/web\/wp-json\/wp\/v2\/users\/1"}],"replies":[{"embeddable":true,"href":"https:\/\/coloniaavellaneda.gob.ar\/web\/wp-json\/wp\/v2\/comments?post=5703"}],"version-history":[{"count":7,"href":"https:\/\/coloniaavellaneda.gob.ar\/web\/wp-json\/wp\/v2\/pages\/5703\/revisions"}],"predecessor-version":[{"id":5723,"href":"https:\/\/coloniaavellaneda.gob.ar\/web\/wp-json\/wp\/v2\/pages\/5703\/revisions\/5723"}],"up":[{"embeddable":true,"href":"https:\/\/coloniaavellaneda.gob.ar\/web\/wp-json\/wp\/v2\/pages\/3306"}],"wp:attachment":[{"href":"https:\/\/coloniaavellaneda.gob.ar\/web\/wp-json\/wp\/v2\/media?parent=5703"}],"curies":[{"name":"wp","href":"https:\/\/api.w.org\/{rel}","templated":true}]}}